{"id":7963,"date":"2023-11-03T14:55:23","date_gmt":"2023-11-03T13:55:23","guid":{"rendered":"https:\/\/sapie.coop\/site\/?post_type=project&#038;p=7963"},"modified":"2024-09-20T16:15:19","modified_gmt":"2024-09-20T14:15:19","slug":"pascale-guillot-art-therapeute-et-animatrice-culturel-art-science-nature","status":"publish","type":"project","link":"https:\/\/sapie.coop\/site\/project\/pascale-guillot-art-therapeute-et-animatrice-culturel-art-science-nature\/","title":{"rendered":"Pascale Guillot : Art-th\u00e9rapeute et animatrice culturel art\/science\/nature"},"content":{"rendered":"<p>[et_pb_section fb_built=\u00a0\u00bb1&Prime; _builder_version=\u00a0\u00bb4.24.2&Prime; _module_preset=\u00a0\u00bbdefault\u00a0\u00bb background_image=\u00a0\u00bbhttps:\/\/sapie.coop\/site\/wp-content\/uploads\/2024\/09\/Conseils.jpg\u00a0\u00bb hover_enabled=\u00a0\u00bb0&Prime; global_colors_info=\u00a0\u00bb{}\u00a0\u00bb title_text=\u00a0\u00bbConseils\u00a0\u00bb sticky_enabled=\u00a0\u00bb0&Prime;][et_pb_row _builder_version=\u00a0\u00bb4.16&Prime; _module_preset=\u00a0\u00bbdefault\u00a0\u00bb custom_padding=\u00a0\u00bb||0px|||\u00a0\u00bb global_colors_info=\u00a0\u00bb{}\u00a0\u00bb][et_pb_column type=\u00a0\u00bb4_4&Prime; _builder_version=\u00a0\u00bb4.16&Prime; _module_preset=\u00a0\u00bbdefault\u00a0\u00bb global_colors_info=\u00a0\u00bb{}\u00a0\u00bb][et_pb_button button_text=\u00a0\u00bbConseils et services\u00a0\u00bb _builder_version=\u00a0\u00bb4.24.2&Prime; _module_preset=\u00a0\u00bba93bd5f4-85ca-4af8-aab9-5954042d5969&Prime; custom_button=\u00a0\u00bbon\u00a0\u00bb button_text_size=\u00a0\u00bb16px\u00a0\u00bb button_text_color=\u00a0\u00bb#ffffff\u00a0\u00bb button_bg_color=\u00a0\u00bb#660707&Prime; button_border_width=\u00a0\u00bb0px\u00a0\u00bb button_border_radius=\u00a0\u00bb0px\u00a0\u00bb button_letter_spacing=\u00a0\u00bb2px\u00a0\u00bb button_font=\u00a0\u00bbArchivo|600||on|||||\u00a0\u00bb custom_padding=\u00a0\u00bb16px|24px|16px|24px|true|true\u00a0\u00bb custom_padding_tablet=\u00a0\u00bb12px|20px|12px|20px|true|true\u00a0\u00bb custom_padding_phone=\u00a0\u00bb10px|20px|10px|20px|true|true\u00a0\u00bb custom_padding_last_edited=\u00a0\u00bboff|desktop\u00a0\u00bb hover_enabled=\u00a0\u00bb0&Prime; button_text_size_tablet=\u00a0\u00bb15px\u00a0\u00bb button_text_size_phone=\u00a0\u00bb14px\u00a0\u00bb button_text_size_last_edited=\u00a0\u00bboff|desktop\u00a0\u00bb global_colors_info=\u00a0\u00bb{}\u00a0\u00bb button_bg_color__hover=\u00a0\u00bb#A8D5BC\u00a0\u00bb button_bg_color__hover_enabled=\u00a0\u00bboff|desktop\u00a0\u00bb button_text_color__hover=\u00a0\u00bb#2B5452&Prime; button_text_color__hover_enabled=\u00a0\u00bboff|desktop\u00a0\u00bb sticky_enabled=\u00a0\u00bb0&Prime;][\/et_pb_button][\/et_pb_column][\/et_pb_row][\/et_pb_section][et_pb_section fb_built=\u00a0\u00bb1&Prime; fullwidth=\u00a0\u00bbon\u00a0\u00bb _builder_version=\u00a0\u00bb4.16&Prime; global_colors_info=\u00a0\u00bb{}\u00a0\u00bb][et_pb_fullwidth_menu menu_id=\u00a0\u00bb25&Prime; active_link_color=\u00a0\u00bb#F9C014&Prime; _builder_version=\u00a0\u00bb4.18.0&Prime; _module_preset=\u00a0\u00bbdefault\u00a0\u00bb menu_font=\u00a0\u00bb|||on|||||\u00a0\u00bb menu_text_color=\u00a0\u00bb#ffffff\u00a0\u00bb menu_font_size=\u00a0\u00bb12px\u00a0\u00bb background_color=\u00a0\u00bb#C2422A\u00a0\u00bb global_colors_info=\u00a0\u00bb{}\u00a0\u00bb][\/et_pb_fullwidth_menu][\/et_pb_section][et_pb_section fb_built=\u00a0\u00bb1&Prime; fullwidth=\u00a0\u00bbon\u00a0\u00bb custom_padding_last_edited=\u00a0\u00bbon|desktop\u00a0\u00bb admin_label=\u00a0\u00bbsection\u00a0\u00bb _builder_version=\u00a0\u00bb4.16&Prime; background_color=\u00a0\u00bb#ffffff\u00a0\u00bb custom_padding=\u00a0\u00bb0px|0px|0px|0px\u00a0\u00bb custom_padding_tablet=\u00a0\u00bb50px|0|50px|0&Prime; custom_padding_phone=\u00a0\u00bb\u00a0\u00bb global_colors_info=\u00a0\u00bb{}\u00a0\u00bb][et_pb_fullwidth_image _builder_version=\u00a0\u00bb4.16&Prime; animation_style=\u00a0\u00bbslide\u00a0\u00bb animation_direction=\u00a0\u00bbleft\u00a0\u00bb animation_duration=\u00a0\u00bb500ms\u00a0\u00bb animation_intensity_slide=\u00a0\u00bb10%\u00a0\u00bb global_colors_info=\u00a0\u00bb{}\u00a0\u00bb]&nbsp;<\/p>\n<p class=\"et-fb-mce-line-break-holder\" style=\"text-align: center;\">[\/et_pb_fullwidth_image][\/et_pb_section][et_pb_section fb_built=\u00a0\u00bb1&Prime; _builder_version=\u00a0\u00bb4.16&Prime; global_colors_info=\u00a0\u00bb{}\u00a0\u00bb][et_pb_row column_structure=\u00a0\u00bb1_3,2_3&Prime; _builder_version=\u00a0\u00bb4.19.0&Prime; background_size=\u00a0\u00bbinitial\u00a0\u00bb background_position=\u00a0\u00bbtop_left\u00a0\u00bb background_repeat=\u00a0\u00bbrepeat\u00a0\u00bb global_colors_info=\u00a0\u00bb{}\u00a0\u00bb][et_pb_column type=\u00a0\u00bb1_3&Prime; _builder_version=\u00a0\u00bb4.16&Prime; custom_padding=\u00a0\u00bb|||\u00a0\u00bb global_colors_info=\u00a0\u00bb{}\u00a0\u00bb custom_padding__hover=\u00a0\u00bb|||\u00a0\u00bb][et_pb_image src=\u00a0\u00bbhttps:\/\/sapie.coop\/site\/wp-content\/uploads\/2023\/11\/photo-pascalebis.jpg\u00a0\u00bb title_text=\u00a0\u00bbphoto pascalebis\u00a0\u00bb align_tablet=\u00a0\u00bbcenter\u00a0\u00bb align_phone=\u00a0\u00bbcenter\u00a0\u00bb align_last_edited=\u00a0\u00bbon|desktop\u00a0\u00bb _builder_version=\u00a0\u00bb4.22.1&Prime; border_style=\u00a0\u00bbsolid\u00a0\u00bb global_colors_info=\u00a0\u00bb{}\u00a0\u00bb][\/et_pb_image][\/et_pb_column][et_pb_column type=\u00a0\u00bb2_3&Prime; _builder_version=\u00a0\u00bb4.16&Prime; custom_padding=\u00a0\u00bb|||\u00a0\u00bb global_colors_info=\u00a0\u00bb{}\u00a0\u00bb custom_padding__hover=\u00a0\u00bb|||\u00a0\u00bb][et_pb_blurb title=\u00a0\u00bbPascale Guillot\u00a0\u00bb _builder_version=\u00a0\u00bb4.22.1&Prime; border_style=\u00a0\u00bbsolid\u00a0\u00bb global_colors_info=\u00a0\u00bb{}\u00a0\u00bb]<\/p>\n<p style=\"text-align: justify;\"><strong>Art-th\u00e9rapeute et animatrice culturel arts\/science\/nature<br \/><\/strong><\/p>\n<p style=\"text-align: justify;\"><a href=\"mailto:paou.cerfvolant@gmail.com\" target=\"_blank\" rel=\"noopener\">paou.cerfvolant@gmail.com<\/a><br \/>tel : 0622418069<\/p>\n<p style=\"text-align: justify;\">Telle une boule \u00e0 facettes ou couteau suisse, je poss\u00e8de une multitude de comp\u00e9tences diverses et compl\u00e9mentaires.<br \/>Tr\u00e8s engag\u00e9e dans le secteur de l\u2019\u00e9ducation populaire, j\u2019ai acquis de nombreuses comp\u00e9tences en m\u00e9diation de toutes sortes aupr\u00e8s de tout public, de tout \u00e2ge, aussi bien que pour les personnes valides ou en situation d\u2019handicap mental et\/ou moteur.<br \/>J\u2019ai une vingtaine ann\u00e9es d\u2019exp\u00e9rience en tant qu\u2019animatrice en tous genres, allant d\u2019ateliers th\u00e9\u00e2tre et marionnettes, d\u2019ateliers art et peinture \u00e0 la vulgarisation scientifique, en passant par les sentiers de la sensibilisation \u00e0 l\u2019environnement. Je peux donc cr\u00e9er des animations sure mesure \u00e0 la demande, et je commence \u00e0 construire un catalogue d\u2019activit\u00e9s dans mes th\u00e8mes de pr\u00e9dilection.<br \/>Apr\u00e8s un baccalaur\u00e9at scientifique, j\u2019ai obtenu le dipl\u00f4me national sup\u00e9rieur d\u2019art-plastique me donnant acc\u00e8s \u00e0 une formation d\u2019art-th\u00e9rapeute \u00e0 Tours. J\u2019ai ainsi obtenu le certificat d\u2019art-th\u00e9rapeute pour acc\u00e9der au Dipl\u00f4me Universitaire d\u2019art-th\u00e9rapie dispens\u00e9 \u00e0 la facult\u00e9 de m\u00e9decine de Grenoble. Mon DU n\u2019\u00e9tant pas valid\u00e9 \u00e0 la suite de mon parcours de vie, je d\u00e9cide de<br \/>le terminer en mars prochain, il se conclura par la soutenance d\u2019un article scientifique en septembre 2024.<br \/>Ceci dit, je peux d\u00e8s \u00e0 pr\u00e9sent pratiquer l\u2019art th\u00e9rapie gr\u00e2ce \u00e0 mon certificat.<\/p>\n<p style=\"text-align: justify;\"><strong>L\u2019art-th\u00e9rapie ? Qu\u00e9saco ?<\/strong><br \/>C\u2019est l\u2019exploitation du potentiel artistique dans une vis\u00e9e th\u00e9rapeutique et humanitaire.<br \/>C\u2019est une pratique \u00e0 part enti\u00e8re du corps param\u00e9dical.<br \/>Partant de ce postulat, je pr\u00e9f\u00e8re travailler sous l\u2019autorit\u00e9 m\u00e9dicale des m\u00e9decins et en lien avec une \u00e9quipe pluridisciplinaire, pour plus d\u2019efficacit\u00e9 et de coh\u00e9rence dans ma strat\u00e9gie th\u00e9rapeutique et de soin. Mes principaux axes d\u2019indications dans le soin et le bien-\u00eatre, sont l\u2019accompagnement vers la valorisation de soi, l\u2019estime de soi et la confiance en soi.<br \/>Je peux faire des prise en charge individuelle aussi bien qu\u2019en groupe, tout d\u00e9pend de la demande et de l\u2019objectif.<br \/>Gr\u00e2ce \u00e0 mes multiples connaissances artistiques allant de l\u2019art visuel (peintures \u00e0 l\u2019huile, gravure, photo, vid\u00e9o\u2026) \u00e0 l\u2019art du spectacle (th\u00e9\u00e2tre, danse, marionnette\u2026), je peux vraiment cr\u00e9er une strat\u00e9gie th\u00e9rapeutique personnalis\u00e9e prenant en compte l\u2019envie et l\u2019enthousiasme du patient le rendant ainsi acteur et autonome dans son soin, et formant une vrai \u00e9quipe avec son th\u00e9rapeute. N\u2019h\u00e9sitez pas \u00e0 me contacter pour plus d\u2019informations, que vous soyez professionnel de sant\u00e9, ou un particulier en recherche de soin.<\/p>\n<p style=\"text-align: justify;\">[\/et_pb_blurb][\/et_pb_column][\/et_pb_row][\/et_pb_section]<\/p>\n","protected":false},"excerpt":{"rendered":"<p>&nbsp; Art-th\u00e9rapeute et animatrice culturel arts\/science\/nature paou.cerfvolant@gmail.comtel : 0622418069 Telle une boule \u00e0 facettes ou couteau suisse, je poss\u00e8de une multitude de comp\u00e9tences diverses et compl\u00e9mentaires.Tr\u00e8s engag\u00e9e dans le secteur de l\u2019\u00e9ducation populaire, j\u2019ai acquis de nombreuses comp\u00e9tences en m\u00e9diation de toutes sortes aupr\u00e8s de tout public, de tout \u00e2ge, aussi bien que pour les [&hellip;]<\/p>\n","protected":false},"author":6,"featured_media":7966,"comment_status":"open","ping_status":"closed","template":"","meta":{"_et_pb_use_builder":"on","_et_pb_old_content":"","_et_gb_content_width":"","footnotes":""},"project_category":[17],"project_tag":[],"class_list":["post-7963","project","type-project","status-publish","has-post-thumbnail","hentry","project_category-bien-etre"],"yoast_head":"<!-- This site is optimized with the Yoast SEO plugin v25.6 - https:\/\/yoast.com\/wordpress\/plugins\/seo\/ -->\n<title>Pascale Guillot : Art-th\u00e9rapeute et animatrice culturel art\/science\/nature - Sapie<\/title>\n<meta name=\"robots\" content=\"index, follow, max-snippet:-1, max-image-preview:large, max-video-preview:-1\" \/>\n<link rel=\"canonical\" href=\"https:\/\/sapie.coop\/site\/project\/pascale-guillot-art-therapeute-et-animatrice-culturel-art-science-nature\/\" \/>\n<script type=\"application\/ld+json\" class=\"yoast-schema-graph\">{\"@context\":\"https:\/\/schema.org\",\"@graph\":[{\"@type\":\"WebPage\",\"@id\":\"https:\/\/sapie.coop\/site\/project\/pascale-guillot-art-therapeute-et-animatrice-culturel-art-science-nature\/\",\"url\":\"https:\/\/sapie.coop\/site\/project\/pascale-guillot-art-therapeute-et-animatrice-culturel-art-science-nature\/\",\"name\":\"Pascale Guillot : Art-th\u00e9rapeute et animatrice culturel art\/science\/nature - Sapie\",\"isPartOf\":{\"@id\":\"https:\/\/sapie.coop\/site\/#website\"},\"primaryImageOfPage\":{\"@id\":\"https:\/\/sapie.coop\/site\/project\/pascale-guillot-art-therapeute-et-animatrice-culturel-art-science-nature\/#primaryimage\"},\"image\":{\"@id\":\"https:\/\/sapie.coop\/site\/project\/pascale-guillot-art-therapeute-et-animatrice-culturel-art-science-nature\/#primaryimage\"},\"thumbnailUrl\":\"https:\/\/sapie.coop\/site\/wp-content\/uploads\/2023\/11\/photo-pascalenum.jpg\",\"datePublished\":\"2023-11-03T13:55:23+00:00\",\"dateModified\":\"2024-09-20T14:15:19+00:00\",\"breadcrumb\":{\"@id\":\"https:\/\/sapie.coop\/site\/project\/pascale-guillot-art-therapeute-et-animatrice-culturel-art-science-nature\/#breadcrumb\"},\"inLanguage\":\"fr-FR\",\"potentialAction\":[{\"@type\":\"ReadAction\",\"target\":[\"https:\/\/sapie.coop\/site\/project\/pascale-guillot-art-therapeute-et-animatrice-culturel-art-science-nature\/\"]}]},{\"@type\":\"ImageObject\",\"inLanguage\":\"fr-FR\",\"@id\":\"https:\/\/sapie.coop\/site\/project\/pascale-guillot-art-therapeute-et-animatrice-culturel-art-science-nature\/#primaryimage\",\"url\":\"https:\/\/sapie.coop\/site\/wp-content\/uploads\/2023\/11\/photo-pascalenum.jpg\",\"contentUrl\":\"https:\/\/sapie.coop\/site\/wp-content\/uploads\/2023\/11\/photo-pascalenum.jpg\",\"width\":1026,\"height\":810},{\"@type\":\"BreadcrumbList\",\"@id\":\"https:\/\/sapie.coop\/site\/project\/pascale-guillot-art-therapeute-et-animatrice-culturel-art-science-nature\/#breadcrumb\",\"itemListElement\":[{\"@type\":\"ListItem\",\"position\":1,\"name\":\"Accueil\",\"item\":\"https:\/\/sapie.coop\/site\/\"},{\"@type\":\"ListItem\",\"position\":2,\"name\":\"Projets\",\"item\":\"https:\/\/sapie.coop\/site\/project\/\"},{\"@type\":\"ListItem\",\"position\":3,\"name\":\"Pascale Guillot : Art-th\u00e9rapeute et animatrice culturel art\/science\/nature\"}]},{\"@type\":\"WebSite\",\"@id\":\"https:\/\/sapie.coop\/site\/#website\",\"url\":\"https:\/\/sapie.coop\/site\/\",\"name\":\"Sapie\",\"description\":\"Coop\u00e9rative d&#039;accompagnement de projets\",\"potentialAction\":[{\"@type\":\"SearchAction\",\"target\":{\"@type\":\"EntryPoint\",\"urlTemplate\":\"https:\/\/sapie.coop\/site\/?s={search_term_string}\"},\"query-input\":{\"@type\":\"PropertyValueSpecification\",\"valueRequired\":true,\"valueName\":\"search_term_string\"}}],\"inLanguage\":\"fr-FR\"}]}<\/script>\n<!-- \/ Yoast SEO plugin. -->","yoast_head_json":{"title":"Pascale Guillot : Art-th\u00e9rapeute et animatrice culturel art\/science\/nature - Sapie","robots":{"index":"index","follow":"follow","max-snippet":"max-snippet:-1","max-image-preview":"max-image-preview:large","max-video-preview":"max-video-preview:-1"},"canonical":"https:\/\/sapie.coop\/site\/project\/pascale-guillot-art-therapeute-et-animatrice-culturel-art-science-nature\/","schema":{"@context":"https:\/\/schema.org","@graph":[{"@type":"WebPage","@id":"https:\/\/sapie.coop\/site\/project\/pascale-guillot-art-therapeute-et-animatrice-culturel-art-science-nature\/","url":"https:\/\/sapie.coop\/site\/project\/pascale-guillot-art-therapeute-et-animatrice-culturel-art-science-nature\/","name":"Pascale Guillot : Art-th\u00e9rapeute et animatrice culturel art\/science\/nature - Sapie","isPartOf":{"@id":"https:\/\/sapie.coop\/site\/#website"},"primaryImageOfPage":{"@id":"https:\/\/sapie.coop\/site\/project\/pascale-guillot-art-therapeute-et-animatrice-culturel-art-science-nature\/#primaryimage"},"image":{"@id":"https:\/\/sapie.coop\/site\/project\/pascale-guillot-art-therapeute-et-animatrice-culturel-art-science-nature\/#primaryimage"},"thumbnailUrl":"https:\/\/sapie.coop\/site\/wp-content\/uploads\/2023\/11\/photo-pascalenum.jpg","datePublished":"2023-11-03T13:55:23+00:00","dateModified":"2024-09-20T14:15:19+00:00","breadcrumb":{"@id":"https:\/\/sapie.coop\/site\/project\/pascale-guillot-art-therapeute-et-animatrice-culturel-art-science-nature\/#breadcrumb"},"inLanguage":"fr-FR","potentialAction":[{"@type":"ReadAction","target":["https:\/\/sapie.coop\/site\/project\/pascale-guillot-art-therapeute-et-animatrice-culturel-art-science-nature\/"]}]},{"@type":"ImageObject","inLanguage":"fr-FR","@id":"https:\/\/sapie.coop\/site\/project\/pascale-guillot-art-therapeute-et-animatrice-culturel-art-science-nature\/#primaryimage","url":"https:\/\/sapie.coop\/site\/wp-content\/uploads\/2023\/11\/photo-pascalenum.jpg","contentUrl":"https:\/\/sapie.coop\/site\/wp-content\/uploads\/2023\/11\/photo-pascalenum.jpg","width":1026,"height":810},{"@type":"BreadcrumbList","@id":"https:\/\/sapie.coop\/site\/project\/pascale-guillot-art-therapeute-et-animatrice-culturel-art-science-nature\/#breadcrumb","itemListElement":[{"@type":"ListItem","position":1,"name":"Accueil","item":"https:\/\/sapie.coop\/site\/"},{"@type":"ListItem","position":2,"name":"Projets","item":"https:\/\/sapie.coop\/site\/project\/"},{"@type":"ListItem","position":3,"name":"Pascale Guillot : Art-th\u00e9rapeute et animatrice culturel art\/science\/nature"}]},{"@type":"WebSite","@id":"https:\/\/sapie.coop\/site\/#website","url":"https:\/\/sapie.coop\/site\/","name":"Sapie","description":"Coop\u00e9rative d&#039;accompagnement de projets","potentialAction":[{"@type":"SearchAction","target":{"@type":"EntryPoint","urlTemplate":"https:\/\/sapie.coop\/site\/?s={search_term_string}"},"query-input":{"@type":"PropertyValueSpecification","valueRequired":true,"valueName":"search_term_string"}}],"inLanguage":"fr-FR"}]}},"_links":{"self":[{"href":"https:\/\/sapie.coop\/site\/wp-json\/wp\/v2\/project\/7963"}],"collection":[{"href":"https:\/\/sapie.coop\/site\/wp-json\/wp\/v2\/project"}],"about":[{"href":"https:\/\/sapie.coop\/site\/wp-json\/wp\/v2\/types\/project"}],"author":[{"embeddable":true,"href":"https:\/\/sapie.coop\/site\/wp-json\/wp\/v2\/users\/6"}],"replies":[{"embeddable":true,"href":"https:\/\/sapie.coop\/site\/wp-json\/wp\/v2\/comments?post=7963"}],"version-history":[{"count":5,"href":"https:\/\/sapie.coop\/site\/wp-json\/wp\/v2\/project\/7963\/revisions"}],"predecessor-version":[{"id":9997,"href":"https:\/\/sapie.coop\/site\/wp-json\/wp\/v2\/project\/7963\/revisions\/9997"}],"wp:featuredmedia":[{"embeddable":true,"href":"https:\/\/sapie.coop\/site\/wp-json\/wp\/v2\/media\/7966"}],"wp:attachment":[{"href":"https:\/\/sapie.coop\/site\/wp-json\/wp\/v2\/media?parent=7963"}],"wp:term":[{"taxonomy":"project_category","embeddable":true,"href":"https:\/\/sapie.coop\/site\/wp-json\/wp\/v2\/project_category?post=7963"},{"taxonomy":"project_tag","embeddable":true,"href":"https:\/\/sapie.coop\/site\/wp-json\/wp\/v2\/project_tag?post=7963"}],"curies":[{"name":"wp","href":"https:\/\/api.w.org\/{rel}","templated":true}]}}