{"id":7507,"date":"2023-02-24T14:06:21","date_gmt":"2023-02-24T13:06:21","guid":{"rendered":"https:\/\/sapie.coop\/site\/?post_type=project&#038;p=7507"},"modified":"2024-09-20T16:10:10","modified_gmt":"2024-09-20T14:10:10","slug":"elise-david-accompagnement-et-services-autour-de-la-naissance","status":"publish","type":"project","link":"https:\/\/sapie.coop\/site\/project\/elise-david-accompagnement-et-services-autour-de-la-naissance\/","title":{"rendered":"Elise David : accompagnement et services autour de la naissance"},"content":{"rendered":"\n[et_pb_section fb_built=\u00a0\u00bb1&Prime; _builder_version=\u00a0\u00bb4.24.2&Prime; _module_preset=\u00a0\u00bbdefault\u00a0\u00bb background_image=\u00a0\u00bbhttps:\/\/sapie.coop\/site\/wp-content\/uploads\/2024\/09\/Conseils.jpg\u00a0\u00bb hover_enabled=\u00a0\u00bb0&Prime; global_colors_info=\u00a0\u00bb{}\u00a0\u00bb title_text=\u00a0\u00bbConseils\u00a0\u00bb sticky_enabled=\u00a0\u00bb0&Prime;][et_pb_row _builder_version=\u00a0\u00bb4.16&Prime; _module_preset=\u00a0\u00bbdefault\u00a0\u00bb custom_padding=\u00a0\u00bb||0px|||\u00a0\u00bb global_colors_info=\u00a0\u00bb{}\u00a0\u00bb][et_pb_column type=\u00a0\u00bb4_4&Prime; _builder_version=\u00a0\u00bb4.16&Prime; _module_preset=\u00a0\u00bbdefault\u00a0\u00bb global_colors_info=\u00a0\u00bb{}\u00a0\u00bb][et_pb_button button_text=\u00a0\u00bbConseils et Services\u00a0\u00bb _builder_version=\u00a0\u00bb4.18.0&Prime; _module_preset=\u00a0\u00bba93bd5f4-85ca-4af8-aab9-5954042d5969&Prime; custom_button=\u00a0\u00bbon\u00a0\u00bb button_text_size=\u00a0\u00bb16px\u00a0\u00bb button_text_color=\u00a0\u00bb#ffffff\u00a0\u00bb button_bg_color=\u00a0\u00bb#660707&Prime; button_border_width=\u00a0\u00bb0px\u00a0\u00bb button_border_radius=\u00a0\u00bb0px\u00a0\u00bb button_letter_spacing=\u00a0\u00bb2px\u00a0\u00bb button_font=\u00a0\u00bbArchivo|600||on|||||\u00a0\u00bb custom_padding=\u00a0\u00bb16px|24px|16px|24px|true|true\u00a0\u00bb custom_padding_tablet=\u00a0\u00bb12px|20px|12px|20px|true|true\u00a0\u00bb custom_padding_phone=\u00a0\u00bb10px|20px|10px|20px|true|true\u00a0\u00bb custom_padding_last_edited=\u00a0\u00bboff|desktop\u00a0\u00bb button_text_size_tablet=\u00a0\u00bb15px\u00a0\u00bb button_text_size_phone=\u00a0\u00bb14px\u00a0\u00bb button_text_size_last_edited=\u00a0\u00bboff|desktop\u00a0\u00bb global_colors_info=\u00a0\u00bb{}\u00a0\u00bb button_bg_color__hover=\u00a0\u00bb#A8D5BC\u00a0\u00bb button_bg_color__hover_enabled=\u00a0\u00bboff|desktop\u00a0\u00bb button_text_color__hover=\u00a0\u00bb#2B5452&Prime; button_text_color__hover_enabled=\u00a0\u00bboff|desktop\u00a0\u00bb][\/et_pb_button][\/et_pb_column][\/et_pb_row][\/et_pb_section][et_pb_section fb_built=\u00a0\u00bb1&Prime; fullwidth=\u00a0\u00bbon\u00a0\u00bb _builder_version=\u00a0\u00bb4.16&Prime; global_colors_info=\u00a0\u00bb{}\u00a0\u00bb][et_pb_fullwidth_menu menu_id=\u00a0\u00bb25&Prime; active_link_color=\u00a0\u00bb#F9C014&Prime; _builder_version=\u00a0\u00bb4.18.0&Prime; _module_preset=\u00a0\u00bbdefault\u00a0\u00bb menu_font=\u00a0\u00bb|||on|||||\u00a0\u00bb menu_text_color=\u00a0\u00bb#ffffff\u00a0\u00bb menu_font_size=\u00a0\u00bb12px\u00a0\u00bb background_color=\u00a0\u00bb#C2422A\u00a0\u00bb global_colors_info=\u00a0\u00bb{}\u00a0\u00bb][\/et_pb_fullwidth_menu][\/et_pb_section][et_pb_section fb_built=\u00a0\u00bb1&Prime; _builder_version=\u00a0\u00bb4.16&Prime; global_colors_info=\u00a0\u00bb{}\u00a0\u00bb][et_pb_row column_structure=\u00a0\u00bb1_3,2_3&Prime; _builder_version=\u00a0\u00bb4.19.0&Prime; background_size=\u00a0\u00bbinitial\u00a0\u00bb background_position=\u00a0\u00bbtop_left\u00a0\u00bb background_repeat=\u00a0\u00bbrepeat\u00a0\u00bb global_colors_info=\u00a0\u00bb{}\u00a0\u00bb][et_pb_column type=\u00a0\u00bb1_3&Prime; _builder_version=\u00a0\u00bb4.16&Prime; custom_padding=\u00a0\u00bb|||\u00a0\u00bb global_colors_info=\u00a0\u00bb{}\u00a0\u00bb custom_padding__hover=\u00a0\u00bb|||\u00a0\u00bb][et_pb_image src=\u00a0\u00bbhttps:\/\/sapie.coop\/site\/wp-content\/uploads\/2024\/01\/photo-de-profil-edited.jpg\u00a0\u00bb title_text=\u00a0\u00bbphoto-de-profil-edited\u00a0\u00bb align_tablet=\u00a0\u00bbcenter\u00a0\u00bb align_phone=\u00a0\u00bbcenter\u00a0\u00bb align_last_edited=\u00a0\u00bbon|desktop\u00a0\u00bb _builder_version=\u00a0\u00bb4.22.1&Prime; border_style=\u00a0\u00bbsolid\u00a0\u00bb global_colors_info=\u00a0\u00bb{}\u00a0\u00bb][\/et_pb_image][\/et_pb_column][et_pb_column type=\u00a0\u00bb2_3&Prime; _builder_version=\u00a0\u00bb4.16&Prime; custom_padding=\u00a0\u00bb|||\u00a0\u00bb global_colors_info=\u00a0\u00bb{}\u00a0\u00bb custom_padding__hover=\u00a0\u00bb|||\u00a0\u00bb][et_pb_blurb title=\u00a0\u00bbElise David\u00a0\u00bb _builder_version=\u00a0\u00bb4.24.2&Prime; hover_enabled=\u00a0\u00bb0&Prime; border_style=\u00a0\u00bbsolid\u00a0\u00bb global_colors_info=\u00a0\u00bb{}\u00a0\u00bb content__hover_enabled=\u00a0\u00bbon|hover\u00a0\u00bb content__hover=\u00a0\u00bb<p><span style=%22box-sizing: border-box; font-family: 'Times New Roman',Times,serif;%22><span style=%22box-sizing: border-box;%22><span style=%22box-sizing: border-box; font-size: 16px;%22><span><b>Accompagnement et services autour de la naissance<\/b><\/span><\/span><\/span><\/span><\/p>\n<p><strong>Contact : 06 87 89 35 42<\/strong><\/p>\n<p>Je soutiens les familles \u00e0 domicile pendant la grossesse et en post partum.<\/p>\n<p>De fa\u00e7on ponctuelle ou dans la continuit\u00e9, je propose :<\/p>\n<ul>\n<li>ma pr\u00e9sence en retour de la maternit\u00e9 ou de la maison de naissance,<\/li>\n<li>du soutien \u00e0 l&rsquo;allaitement, au tire-allaitement<\/li>\n<li>un \u00e9clairage sur les pleurs et besoins du b\u00e9b\u00e9<\/li>\n<li>l&rsquo;accueil des \u00e9motions que soul\u00e8vent l&rsquo;arriv\u00e9e de b\u00e9b\u00e9<\/li>\n<li>une oreille attentive pour la multitude de questions<\/li>\n<li>un relais quand la maman se retrouve seule \u00e0 la maison<\/li>\n<li>une aide pr\u00e9cieuse pour l&rsquo;intendance, une p&rsquo;tite course, un bon repas, un brin de m\u00e9nage&#8230;<\/li>\n<\/ul>\n<p>Mais aussi, j&rsquo;accompagne les familles confront\u00e9s au deuil p\u00e9rinatal (pr\u00e9sence, \u00e9coute, rituel&#8230;)<\/p>\n<p>Mes interventions \u00e0 domicile contribuent \u00e0 la pr\u00e9vention de la d\u00e9pression du post-partum.<\/p>\n<p><strong>MES TARIFS<\/strong><\/p>\n<p>J&rsquo;interviens dans le cadre du service \u00e0 la personne. Les familles b\u00e9n\u00e9ficient donc du cr\u00e9dit d&rsquo;imp\u00f4ts (qu&rsquo;ils soient imposables ou pas, ils ne paient que 50% de la facture)<\/p>\n<p>Mes tarifs inclus mon d\u00e9placement entre Castres et Mazamet. Au del\u00e0 d\u00e9fraiements kilom\u00e9triques.<\/p>\n<ul>\n<li>2h \u00e0 domicile &#8211; Tarifs : 22,50\u20ac\/l&rsquo;heure*<\/li>\n<li>3h \u00e0 domicile &#8211; Tarifs : 20\u20ac\/l&rsquo;heure*<\/li>\n<li>Forfaits 6 rdv de 3h \u00e0 domicile &#8211; Tarifs : 17,50\u20ac\/l&rsquo;heure*<\/li>\n<\/ul>\n<p>*Les tarifs s&rsquo;entendent apr\u00e8s cr\u00e9dit d&rsquo;imp\u00f4ts.<\/p>\n<p>Je propose \u00e9galement :<\/p>\n<ul>\n<li>des ateliers de portage et motricit\u00e9 libre, en individuel et en collectif<\/li>\n<li>la livraison gratuite \u00e0 domicile d&rsquo;un tire-lait<\/li>\n<li>des soins rebozos<\/li>\n<\/ul>\u00a0\u00bb sticky_enabled=\u00a0\u00bb0&Prime;]<p><span style=\"box-sizing: border-box; font-family: 'Times New Roman',Times,serif;\"><span style=\"box-sizing: border-box;\"><span style=\"box-sizing: border-box; font-size: 16px;\"><span><b>Accompagnement et services autour de la naissance<\/b><\/span><\/span><\/span><\/span><\/p>\n<p><strong>Contact : 06 87 89 35 42<\/strong><\/p>\n<p><strong>Site internet : <a href=\"https:\/\/www.elise-david.fr\/\" target=\"_blank\" rel=\"noopener\">https:\/\/www.elise-david.fr\/<\/a><\/strong><\/p>\n<p>Je soutiens les familles \u00e0 domicile pendant la grossesse et en post partum.<\/p>\n<p>De fa\u00e7on ponctuelle ou dans la continuit\u00e9, je propose :<\/p>\n<ul>\n<li>ma pr\u00e9sence en retour de la maternit\u00e9 ou de la maison de naissance,<\/li>\n<li>du soutien \u00e0 l&rsquo;allaitement, au tire-allaitement<\/li>\n<li>un \u00e9clairage sur les pleurs et besoins du b\u00e9b\u00e9<\/li>\n<li>l&rsquo;accueil des \u00e9motions que soul\u00e8vent l&rsquo;arriv\u00e9e de b\u00e9b\u00e9<\/li>\n<li>une oreille attentive pour la multitude de questions<\/li>\n<li>un relais quand la maman se retrouve seule \u00e0 la maison<\/li>\n<li>une aide pr\u00e9cieuse pour l&rsquo;intendance, une p&rsquo;tite course, un bon repas, un brin de m\u00e9nage&#8230;<\/li>\n<\/ul>[\/et_pb_blurb][\/et_pb_column][\/et_pb_row][et_pb_row _builder_version=\u00a0\u00bb4.24.2&Prime; _module_preset=\u00a0\u00bbdefault\u00a0\u00bb][et_pb_column _builder_version=\u00a0\u00bb4.24.2&Prime; _module_preset=\u00a0\u00bbdefault\u00a0\u00bb type=\u00a0\u00bb4_4&Prime;][et_pb_text _builder_version=\u00a0\u00bb4.24.2&Prime; _module_preset=\u00a0\u00bbdefault\u00a0\u00bb hover_enabled=\u00a0\u00bb0&Prime; sticky_enabled=\u00a0\u00bb0&Prime;]<p>Mais aussi, j&rsquo;accompagne les familles confront\u00e9s au deuil p\u00e9rinatal (pr\u00e9sence, \u00e9coute, rituel&#8230;)<\/p>\n<p>Mes interventions \u00e0 domicile contribuent \u00e0 la pr\u00e9vention de la d\u00e9pression du post-partum.<\/p>\n<p><strong>MES TARIFS<\/strong><\/p>\n<p>Toutes mes prestations lorsqu\u2019elles sont ponctuelles sont \u00e0 70\u20ac et durent 1h30 (une rencontre sur mesure, un rdv soutien \u00e0 l\u2019allaitement, un massage\u2026)<\/p>\n<p><strong>L\u2019atelier de portage individuel 2h30 : 80\u20ac<\/strong><\/p>\n<p><strong>Forfait \u00ab\u00a0Se pr\u00e9parer \u00e0 l\u2019arriv\u00e9e de b\u00e9b\u00e9\u00a0\u00bb 3 rdv de 2h30<\/strong> : 160\u20ac* inclut le pr\u00eat de mat\u00e9riel et livres \u2013 l\u2019acc\u00e8s \u00e0 un r\u00e9seau de professionnels.<br \/>Dans ce forfait on peut y inclure tous ce dont vous avez besoin : du temps pour \u00e9changer sur le v\u00e9cu de votre grossesse, pour pouvoir parler de vos \u00e9motions, projections, inqui\u00e9tudes, doutes, du temps pour vous pr\u00e9parer \u00e0 l\u2019accouchement, \u00e0 l\u2019allaitement, aux besoins du b\u00e9b\u00e9, du temps pour vous faire chouchouter.<br \/>*Tarifs cr\u00e9dits d\u2019imp\u00f4ts<\/p>\n<p><strong>Forfait \u00ab\u00a0Prendre ses marques avec b\u00e9b\u00e9\u00a0\u00bb 3 rdv de 2h30<\/strong> : 160\u20ac* inclut le pr\u00eat de mat\u00e9riel et livres \u2013 l\u2019acc\u00e8s \u00e0 un r\u00e9seau de professionnels.<br \/>Dans ce forfait on peut y inclure tous ce dont vous avez besoin : soutien \u00e0 l\u2019allaitement, des conseils pour porter son b\u00e9b\u00e9 \u00e0 bras ou en \u00e9charpe, des infos sur la motricit\u00e9 libre, du temps pour vous faire chouchouter, du relais pour la maison ou pour s\u2019occuper de b\u00e9b\u00e9, un brin de m\u00e9nage pour vous soulager<br \/>*Tarifs cr\u00e9dits d\u2019imp\u00f4ts<\/p>\n<p><strong>Forfait \u00ab\u00a0Pr\u00e9sence\u00a0\u00bb 6 rdv de 2h30<\/strong> \u2013 300\u20ac* inclut le pr\u00eat de mat\u00e9riel et livres \u2013 l\u2019acc\u00e8s \u00e0 un r\u00e9seau de professionnels.<br \/>6 rdv \u00e0 r\u00e9partir \u00e0 votre convenance avant et\/ou apr\u00e8s la naissance. *Tarifs cr\u00e9dits d\u2019imp\u00f4ts<\/p>\n<p><em>*Cr\u00e9dit d\u2019imp\u00f4ts pour tous<\/em><br \/><em>Les accompagnements, rel\u00e8vent du service \u00e0 la personne.Vous b\u00e9n\u00e9ficier d\u2019un cr\u00e9dit d\u2019imp\u00f4t de 50%(que vous soyez imposable ou pas).<\/em><br \/><em>A partir de janvier 2023 plus besoin d\u2019avancer les frais. Paiement de la somme qui reste \u00e0 charge ! Soit 50% du tarif !<\/em><\/p>\n<p><em>Frais de d\u00e9placements<\/em><br \/><em>Tous mes tarifs inclus les frais de d\u00e9placements 30 minutes autour de mon domicile. Au del\u00e0 il y a des frais de d\u00e9placement suppl\u00e9mentaire en fonction de la dur\u00e9e<\/em><br \/><em>Entre 31 et 45 minutes + 15\u20ac<\/em><br \/><em>Entre 46 et 60 minutes + 30\u20ac<\/em><\/p>[\/et_pb_text][\/et_pb_column][\/et_pb_row][\/et_pb_section][et_pb_section fb_built=\u00a0\u00bb1&Prime; fullwidth=\u00a0\u00bbon\u00a0\u00bb custom_padding_last_edited=\u00a0\u00bbon|desktop\u00a0\u00bb admin_label=\u00a0\u00bbsection\u00a0\u00bb _builder_version=\u00a0\u00bb4.16&Prime; background_color=\u00a0\u00bb#ffffff\u00a0\u00bb custom_padding=\u00a0\u00bb0px|0px|0px|0px\u00a0\u00bb custom_padding_tablet=\u00a0\u00bb50px|0|50px|0&Prime; custom_padding_phone=\u00a0\u00bb\u00a0\u00bb global_colors_info=\u00a0\u00bb{}\u00a0\u00bb][et_pb_fullwidth_image _builder_version=\u00a0\u00bb4.16&Prime; animation_style=\u00a0\u00bbslide\u00a0\u00bb animation_direction=\u00a0\u00bbleft\u00a0\u00bb animation_duration=\u00a0\u00bb500ms\u00a0\u00bb animation_intensity_slide=\u00a0\u00bb10%\u00a0\u00bb global_colors_info=\u00a0\u00bb{}\u00a0\u00bb]&nbsp;\r\n<p class=\"et-fb-mce-line-break-holder\" style=\"text-align: center;\">[\/et_pb_fullwidth_image][\/et_pb_section]\n","protected":false},"excerpt":{"rendered":"<p>Accompagnement et services autour de la naissance Contact : 06 87 89 35 42 Site internet : https:\/\/www.elise-david.fr\/ Je soutiens les familles \u00e0 domicile pendant la grossesse et en post partum. De fa\u00e7on ponctuelle ou dans la continuit\u00e9, je propose : ma pr\u00e9sence en retour de la maternit\u00e9 ou de la maison de naissance, du [&hellip;]<\/p>\n","protected":false},"author":6,"featured_media":8029,"comment_status":"open","ping_status":"closed","template":"","meta":{"_et_pb_use_builder":"on","_et_pb_old_content":"","_et_gb_content_width":"","footnotes":""},"project_category":[17,32,61],"project_tag":[],"class_list":["post-7507","project","type-project","status-publish","has-post-thumbnail","hentry","project_category-bien-etre","project_category-conseils","project_category-services-aux-particuliers"],"yoast_head":"<!-- This site is optimized with the Yoast SEO plugin v25.6 - https:\/\/yoast.com\/wordpress\/plugins\/seo\/ -->\n<title>Elise David : accompagnement et services autour de la naissance - Sapie<\/title>\n<meta name=\"robots\" content=\"index, follow, max-snippet:-1, max-image-preview:large, max-video-preview:-1\" \/>\n<link rel=\"canonical\" href=\"https:\/\/sapie.coop\/site\/project\/elise-david-accompagnement-et-services-autour-de-la-naissance\/\" \/>\n<script type=\"application\/ld+json\" class=\"yoast-schema-graph\">{\"@context\":\"https:\/\/schema.org\",\"@graph\":[{\"@type\":\"WebPage\",\"@id\":\"https:\/\/sapie.coop\/site\/project\/elise-david-accompagnement-et-services-autour-de-la-naissance\/\",\"url\":\"https:\/\/sapie.coop\/site\/project\/elise-david-accompagnement-et-services-autour-de-la-naissance\/\",\"name\":\"Elise David : accompagnement et services autour de la naissance - Sapie\",\"isPartOf\":{\"@id\":\"https:\/\/sapie.coop\/site\/#website\"},\"primaryImageOfPage\":{\"@id\":\"https:\/\/sapie.coop\/site\/project\/elise-david-accompagnement-et-services-autour-de-la-naissance\/#primaryimage\"},\"image\":{\"@id\":\"https:\/\/sapie.coop\/site\/project\/elise-david-accompagnement-et-services-autour-de-la-naissance\/#primaryimage\"},\"thumbnailUrl\":\"https:\/\/sapie.coop\/site\/wp-content\/uploads\/2024\/01\/photo-de-profil-edited.jpg\",\"datePublished\":\"2023-02-24T13:06:21+00:00\",\"dateModified\":\"2024-09-20T14:10:10+00:00\",\"breadcrumb\":{\"@id\":\"https:\/\/sapie.coop\/site\/project\/elise-david-accompagnement-et-services-autour-de-la-naissance\/#breadcrumb\"},\"inLanguage\":\"fr-FR\",\"potentialAction\":[{\"@type\":\"ReadAction\",\"target\":[\"https:\/\/sapie.coop\/site\/project\/elise-david-accompagnement-et-services-autour-de-la-naissance\/\"]}]},{\"@type\":\"ImageObject\",\"inLanguage\":\"fr-FR\",\"@id\":\"https:\/\/sapie.coop\/site\/project\/elise-david-accompagnement-et-services-autour-de-la-naissance\/#primaryimage\",\"url\":\"https:\/\/sapie.coop\/site\/wp-content\/uploads\/2024\/01\/photo-de-profil-edited.jpg\",\"contentUrl\":\"https:\/\/sapie.coop\/site\/wp-content\/uploads\/2024\/01\/photo-de-profil-edited.jpg\",\"width\":585,\"height\":585},{\"@type\":\"BreadcrumbList\",\"@id\":\"https:\/\/sapie.coop\/site\/project\/elise-david-accompagnement-et-services-autour-de-la-naissance\/#breadcrumb\",\"itemListElement\":[{\"@type\":\"ListItem\",\"position\":1,\"name\":\"Accueil\",\"item\":\"https:\/\/sapie.coop\/site\/\"},{\"@type\":\"ListItem\",\"position\":2,\"name\":\"Projets\",\"item\":\"https:\/\/sapie.coop\/site\/project\/\"},{\"@type\":\"ListItem\",\"position\":3,\"name\":\"Elise David : accompagnement et services autour de la naissance\"}]},{\"@type\":\"WebSite\",\"@id\":\"https:\/\/sapie.coop\/site\/#website\",\"url\":\"https:\/\/sapie.coop\/site\/\",\"name\":\"Sapie\",\"description\":\"Coop\u00e9rative d&#039;accompagnement de projets\",\"potentialAction\":[{\"@type\":\"SearchAction\",\"target\":{\"@type\":\"EntryPoint\",\"urlTemplate\":\"https:\/\/sapie.coop\/site\/?s={search_term_string}\"},\"query-input\":{\"@type\":\"PropertyValueSpecification\",\"valueRequired\":true,\"valueName\":\"search_term_string\"}}],\"inLanguage\":\"fr-FR\"}]}<\/script>\n<!-- \/ Yoast SEO plugin. -->","yoast_head_json":{"title":"Elise David : accompagnement et services autour de la naissance - Sapie","robots":{"index":"index","follow":"follow","max-snippet":"max-snippet:-1","max-image-preview":"max-image-preview:large","max-video-preview":"max-video-preview:-1"},"canonical":"https:\/\/sapie.coop\/site\/project\/elise-david-accompagnement-et-services-autour-de-la-naissance\/","schema":{"@context":"https:\/\/schema.org","@graph":[{"@type":"WebPage","@id":"https:\/\/sapie.coop\/site\/project\/elise-david-accompagnement-et-services-autour-de-la-naissance\/","url":"https:\/\/sapie.coop\/site\/project\/elise-david-accompagnement-et-services-autour-de-la-naissance\/","name":"Elise David : accompagnement et services autour de la naissance - Sapie","isPartOf":{"@id":"https:\/\/sapie.coop\/site\/#website"},"primaryImageOfPage":{"@id":"https:\/\/sapie.coop\/site\/project\/elise-david-accompagnement-et-services-autour-de-la-naissance\/#primaryimage"},"image":{"@id":"https:\/\/sapie.coop\/site\/project\/elise-david-accompagnement-et-services-autour-de-la-naissance\/#primaryimage"},"thumbnailUrl":"https:\/\/sapie.coop\/site\/wp-content\/uploads\/2024\/01\/photo-de-profil-edited.jpg","datePublished":"2023-02-24T13:06:21+00:00","dateModified":"2024-09-20T14:10:10+00:00","breadcrumb":{"@id":"https:\/\/sapie.coop\/site\/project\/elise-david-accompagnement-et-services-autour-de-la-naissance\/#breadcrumb"},"inLanguage":"fr-FR","potentialAction":[{"@type":"ReadAction","target":["https:\/\/sapie.coop\/site\/project\/elise-david-accompagnement-et-services-autour-de-la-naissance\/"]}]},{"@type":"ImageObject","inLanguage":"fr-FR","@id":"https:\/\/sapie.coop\/site\/project\/elise-david-accompagnement-et-services-autour-de-la-naissance\/#primaryimage","url":"https:\/\/sapie.coop\/site\/wp-content\/uploads\/2024\/01\/photo-de-profil-edited.jpg","contentUrl":"https:\/\/sapie.coop\/site\/wp-content\/uploads\/2024\/01\/photo-de-profil-edited.jpg","width":585,"height":585},{"@type":"BreadcrumbList","@id":"https:\/\/sapie.coop\/site\/project\/elise-david-accompagnement-et-services-autour-de-la-naissance\/#breadcrumb","itemListElement":[{"@type":"ListItem","position":1,"name":"Accueil","item":"https:\/\/sapie.coop\/site\/"},{"@type":"ListItem","position":2,"name":"Projets","item":"https:\/\/sapie.coop\/site\/project\/"},{"@type":"ListItem","position":3,"name":"Elise David : accompagnement et services autour de la naissance"}]},{"@type":"WebSite","@id":"https:\/\/sapie.coop\/site\/#website","url":"https:\/\/sapie.coop\/site\/","name":"Sapie","description":"Coop\u00e9rative d&#039;accompagnement de projets","potentialAction":[{"@type":"SearchAction","target":{"@type":"EntryPoint","urlTemplate":"https:\/\/sapie.coop\/site\/?s={search_term_string}"},"query-input":{"@type":"PropertyValueSpecification","valueRequired":true,"valueName":"search_term_string"}}],"inLanguage":"fr-FR"}]}},"_links":{"self":[{"href":"https:\/\/sapie.coop\/site\/wp-json\/wp\/v2\/project\/7507"}],"collection":[{"href":"https:\/\/sapie.coop\/site\/wp-json\/wp\/v2\/project"}],"about":[{"href":"https:\/\/sapie.coop\/site\/wp-json\/wp\/v2\/types\/project"}],"author":[{"embeddable":true,"href":"https:\/\/sapie.coop\/site\/wp-json\/wp\/v2\/users\/6"}],"replies":[{"embeddable":true,"href":"https:\/\/sapie.coop\/site\/wp-json\/wp\/v2\/comments?post=7507"}],"version-history":[{"count":10,"href":"https:\/\/sapie.coop\/site\/wp-json\/wp\/v2\/project\/7507\/revisions"}],"predecessor-version":[{"id":9991,"href":"https:\/\/sapie.coop\/site\/wp-json\/wp\/v2\/project\/7507\/revisions\/9991"}],"wp:featuredmedia":[{"embeddable":true,"href":"https:\/\/sapie.coop\/site\/wp-json\/wp\/v2\/media\/8029"}],"wp:attachment":[{"href":"https:\/\/sapie.coop\/site\/wp-json\/wp\/v2\/media?parent=7507"}],"wp:term":[{"taxonomy":"project_category","embeddable":true,"href":"https:\/\/sapie.coop\/site\/wp-json\/wp\/v2\/project_category?post=7507"},{"taxonomy":"project_tag","embeddable":true,"href":"https:\/\/sapie.coop\/site\/wp-json\/wp\/v2\/project_tag?post=7507"}],"curies":[{"name":"wp","href":"https:\/\/api.w.org\/{rel}","templated":true}]}}