{"id":5971,"date":"2021-01-31T19:29:55","date_gmt":"2021-01-31T18:29:55","guid":{"rendered":"https:\/\/sapie.coop\/site\/?post_type=project&#038;p=5971"},"modified":"2024-09-20T09:52:10","modified_gmt":"2024-09-20T07:52:10","slug":"aline-jardin-ateliers-et-formations-en-theatre","status":"publish","type":"project","link":"https:\/\/sapie.coop\/site\/project\/aline-jardin-ateliers-et-formations-en-theatre\/","title":{"rendered":"Aline JARDIN : Ateliers et formations en th\u00e9\u00e2tre"},"content":{"rendered":"<p>[et_pb_section fb_built=\u00a0\u00bb1&Prime; _builder_version=\u00a0\u00bb4.18.0&Prime; _module_preset=\u00a0\u00bbdefault\u00a0\u00bb background_image=\u00a0\u00bbhttps:\/\/sapie.coop\/site\/wp-content\/uploads\/2022\/10\/formation.png\u00a0\u00bb global_colors_info=\u00a0\u00bb{}\u00a0\u00bb][et_pb_row _builder_version=\u00a0\u00bb4.16&Prime; _module_preset=\u00a0\u00bbdefault\u00a0\u00bb custom_padding=\u00a0\u00bb||0px|||\u00a0\u00bb global_colors_info=\u00a0\u00bb{}\u00a0\u00bb][et_pb_column type=\u00a0\u00bb4_4&Prime; _builder_version=\u00a0\u00bb4.16&Prime; _module_preset=\u00a0\u00bbdefault\u00a0\u00bb global_colors_info=\u00a0\u00bb{}\u00a0\u00bb][et_pb_button button_text=\u00a0\u00bbFormations\u00a0\u00bb _builder_version=\u00a0\u00bb4.24.2&Prime; _module_preset=\u00a0\u00bba93bd5f4-85ca-4af8-aab9-5954042d5969&Prime; custom_button=\u00a0\u00bbon\u00a0\u00bb button_text_size=\u00a0\u00bb16px\u00a0\u00bb button_text_color=\u00a0\u00bb#ffffff\u00a0\u00bb button_bg_color=\u00a0\u00bb#660707&Prime; button_border_width=\u00a0\u00bb0px\u00a0\u00bb button_border_radius=\u00a0\u00bb0px\u00a0\u00bb button_letter_spacing=\u00a0\u00bb2px\u00a0\u00bb button_font=\u00a0\u00bbArchivo|600||on|||||\u00a0\u00bb custom_padding=\u00a0\u00bb16px|24px|16px|24px|true|true\u00a0\u00bb custom_padding_tablet=\u00a0\u00bb12px|20px|12px|20px|true|true\u00a0\u00bb custom_padding_phone=\u00a0\u00bb10px|20px|10px|20px|true|true\u00a0\u00bb custom_padding_last_edited=\u00a0\u00bboff|desktop\u00a0\u00bb hover_enabled=\u00a0\u00bb0&Prime; button_text_size_tablet=\u00a0\u00bb15px\u00a0\u00bb button_text_size_phone=\u00a0\u00bb14px\u00a0\u00bb button_text_size_last_edited=\u00a0\u00bboff|desktop\u00a0\u00bb global_colors_info=\u00a0\u00bb{}\u00a0\u00bb button_bg_color__hover=\u00a0\u00bb#A8D5BC\u00a0\u00bb button_bg_color__hover_enabled=\u00a0\u00bboff|desktop\u00a0\u00bb button_text_color__hover=\u00a0\u00bb#2B5452&Prime; button_text_color__hover_enabled=\u00a0\u00bboff|desktop\u00a0\u00bb sticky_enabled=\u00a0\u00bb0&Prime;][\/et_pb_button][\/et_pb_column][\/et_pb_row][\/et_pb_section][et_pb_section fb_built=\u00a0\u00bb1&Prime; fullwidth=\u00a0\u00bbon\u00a0\u00bb _builder_version=\u00a0\u00bb4.16&Prime; global_colors_info=\u00a0\u00bb{}\u00a0\u00bb][et_pb_fullwidth_menu menu_id=\u00a0\u00bb25&Prime; active_link_color=\u00a0\u00bb#F9C014&Prime; _builder_version=\u00a0\u00bb4.18.0&Prime; _module_preset=\u00a0\u00bbdefault\u00a0\u00bb menu_font=\u00a0\u00bb|||on|||||\u00a0\u00bb menu_text_color=\u00a0\u00bb#ffffff\u00a0\u00bb menu_font_size=\u00a0\u00bb12px\u00a0\u00bb background_color=\u00a0\u00bb#C2422A\u00a0\u00bb global_colors_info=\u00a0\u00bb{}\u00a0\u00bb][\/et_pb_fullwidth_menu][\/et_pb_section][et_pb_section fb_built=\u00a0\u00bb1&Prime; _builder_version=\u00a0\u00bb4.16&Prime; global_colors_info=\u00a0\u00bb{}\u00a0\u00bb][et_pb_row column_structure=\u00a0\u00bb1_3,2_3&Prime; _builder_version=\u00a0\u00bb4.16&Prime; background_size=\u00a0\u00bbinitial\u00a0\u00bb background_position=\u00a0\u00bbtop_left\u00a0\u00bb background_repeat=\u00a0\u00bbrepeat\u00a0\u00bb global_colors_info=\u00a0\u00bb{}\u00a0\u00bb][et_pb_column type=\u00a0\u00bb1_3&Prime; _builder_version=\u00a0\u00bb4.16&Prime; custom_padding=\u00a0\u00bb|||\u00a0\u00bb global_colors_info=\u00a0\u00bb{}\u00a0\u00bb custom_padding__hover=\u00a0\u00bb|||\u00a0\u00bb][et_pb_image src=\u00a0\u00bbhttps:\/\/sapie.coop\/site\/wp-content\/uploads\/2020\/02\/photo-Aline-9.06.21-600-x-500-px-e1623672420569.png\u00a0\u00bb title_text=\u00a0\u00bbphoto-Aline-9.06.21-600-x-500-px-e1623672420569&Prime; align_tablet=\u00a0\u00bbcenter\u00a0\u00bb align_phone=\u00a0\u00bb\u00a0\u00bb align_last_edited=\u00a0\u00bbon|desktop\u00a0\u00bb _builder_version=\u00a0\u00bb4.17.3&Prime; border_style=\u00a0\u00bbsolid\u00a0\u00bb always_center_on_mobile=\u00a0\u00bbon\u00a0\u00bb global_colors_info=\u00a0\u00bb{}\u00a0\u00bb][\/et_pb_image][\/et_pb_column][et_pb_column type=\u00a0\u00bb2_3&Prime; _builder_version=\u00a0\u00bb4.16&Prime; custom_padding=\u00a0\u00bb|||\u00a0\u00bb global_colors_info=\u00a0\u00bb{}\u00a0\u00bb custom_padding__hover=\u00a0\u00bb|||\u00a0\u00bb][et_pb_blurb title=\u00a0\u00bbAline Jardin\u00a0\u00bb _builder_version=\u00a0\u00bb4.24.2&Prime; hover_enabled=\u00a0\u00bb0&Prime; border_style=\u00a0\u00bbsolid\u00a0\u00bb global_colors_info=\u00a0\u00bb{}\u00a0\u00bb sticky_enabled=\u00a0\u00bb0&Prime;]<\/p>\n<p><strong>Ateliers et formations en th\u00e9\u00e2tre<\/strong><span face=\"Times New Roman, serif\"><span size=\"3\"><\/span><\/span><\/p>\n<p><span face=\"Times New Roman, serif\"><span size=\"3\">Passionn\u00e9e de th\u00e9\u00e2tre, danse et musique depuis le plus jeune \u00e2ge, j\u2019ai \u00e9volu\u00e9 dans le monde de l\u2019entreprise et de l\u2019\u00e9v\u00e9nementiel depuis 2011.<\/span><\/span><\/p>\n<p><span face=\"Times New Roman, serif\"><span size=\"3\">Aujourd\u2019hui, je propose des ateliers et formations de th\u00e9\u00e2tre en entreprises, en \u00e9tablissements de sant\u00e9 (h\u00f4pitaux, EHPAD, ESAT, Maison s\u00e9niors etc) et en \u00e9tablissements scolaires (du primaire jusqu\u2019aux \u00e9tudes sup\u00e9rieures). <\/span><\/span><\/p>\n<p><span face=\"Times New Roman, serif\"><span size=\"3\">Je suis persuad\u00e9e que le th\u00e9\u00e2tre est un formidable outil d\u2019expression et d\u2019\u00e9panouissement tant personnel que professionnel. C\u2019est aussi une mani\u00e8re ludique et efficace de s\u2019exprimer librement et avec aisance sur des sujets de soci\u00e9t\u00e9s.<\/span><\/span><\/p>\n<p><span face=\"Times New Roman, serif\"><span size=\"3\"><\/span><\/span><\/p>\n<p><span face=\"Times New Roman, serif\"><span size=\"3\">Mon contact<br \/><\/span><\/span><\/p>\n<p><span face=\"Times New Roman, serif\"><span size=\"3\">06.22.46.45.46 \/\/ <a href=\"mailto:aline@thealie.fr\">aline@thealie.fr<\/a><\/span><\/span><span color=\"#0563c1\"><\/span><span color=\"#0563c1\"><a href=\"mailto:contact@thealie.fr\" target=\"_blank\" rel=\"noopener noreferrer\"><span face=\"Times New Roman, serif\"><span size=\"3\"><\/span><\/span><\/a><\/span><span face=\"Times New Roman, serif\"><span size=\"3\"> <\/span><\/span><\/p>\n<p><span face=\"Times New Roman, serif\"><span size=\"3\">Site web\u00a0: <\/span><\/span><a href=\"http:\/\/www.thealie.fr\" target=\"_blank\" rel=\"noopener noreferrer\"><span color=\"#0563c1\"><span face=\"Times New Roman, serif\"><span size=\"3\">www.thealie.fr\u00a0<\/span><\/span><\/span><\/a><span face=\"Times New Roman, serif\"><span size=\"3\"> <\/span><\/span><\/p>\n<p><span face=\"Times New Roman, serif\"><span size=\"3\">Page Facebook\u00a0: <\/span><\/span><span color=\"#0563c1\"><a href=\"https:\/\/www.facebook.com\/ThealieFormationsTheatre\" target=\"_blank\" rel=\"noopener noreferrer\"><span face=\"Times New Roman, serif\"><span size=\"3\"><\/span><\/span><\/a><a>https:\/\/www.facebook.com\/ThealieFormationsTheatre<\/a><\/span><\/p>\n<div>\n<div id=\"clipboard-target\"><\/div>\n<\/div>\n<p>Linkedin\u00a0 : <a href=\"https:\/\/www.linkedin.com\/company\/thealie-formations\" target=\"_blank\" rel=\"noopener noreferrer\">https:\/\/www.linkedin.com\/company\/thealie-formations<\/a><\/p>\n<p>[\/et_pb_blurb][\/et_pb_column][\/et_pb_row][et_pb_row column_structure=\u00a0\u00bb1_2,1_2&Prime; _builder_version=\u00a0\u00bb4.16&Prime; background_size=\u00a0\u00bbinitial\u00a0\u00bb background_position=\u00a0\u00bbtop_left\u00a0\u00bb background_repeat=\u00a0\u00bbrepeat\u00a0\u00bb global_colors_info=\u00a0\u00bb{}\u00a0\u00bb][et_pb_column type=\u00a0\u00bb1_2&Prime; _builder_version=\u00a0\u00bb4.16&Prime; custom_padding=\u00a0\u00bb|||\u00a0\u00bb global_colors_info=\u00a0\u00bb{}\u00a0\u00bb custom_padding__hover=\u00a0\u00bb|||\u00a0\u00bb][et_pb_blurb title=\u00a0\u00bbLes modules possibles\u00a0\u00bb _builder_version=\u00a0\u00bb4.18.0&Prime; border_style=\u00a0\u00bbsolid\u00a0\u00bb global_colors_info=\u00a0\u00bb{}\u00a0\u00bb]<\/p>\n<p><span face=\"Times New Roman, serif\"><span size=\"3\">Pour les entreprises<br \/><\/span><\/span><\/p>\n<ul>\n<li><span face=\"Times New Roman, serif\"><span size=\"3\">Formations<\/span><\/span>\n<ul>\n<li><span face=\"Times New Roman, serif\"><span size=\"3\">Prise de parole en public et pitch commercial<\/span><\/span><\/li>\n<li><span face=\"Times New Roman, serif\"><span size=\"3\">Gestion du stress et des conflits<\/span><\/span><\/li>\n<li><span face=\"Times New Roman, serif\"><span size=\"3\">Management et coh\u00e9sion d\u2019\u00e9quipe<\/span><\/span><\/li>\n<\/ul>\n<\/li>\n<li><span face=\"Times New Roman, serif\"><span size=\"3\">Ateliers<\/span><\/span>\n<ul>\n<li><span face=\"Times New Roman, serif\"><span size=\"3\">Bien-\u00eatre au travail<\/span><\/span><\/li>\n<li><span face=\"Times New Roman, serif\"><span size=\"3\">D\u00e9couverte du th\u00e9\u00e2tre (improvisations et \u00e9critures de sayn\u00e8tes)<\/span><\/span><\/li>\n<li><span face=\"Times New Roman, serif\"><span size=\"3\">Repr\u00e9sentations th\u00e9\u00e2trales lors d\u2019\u00e9v\u00e9nements internes<\/span><\/span><\/li>\n<\/ul>\n<\/li>\n<\/ul>\n<p>[\/et_pb_blurb][\/et_pb_column][et_pb_column type=\u00a0\u00bb1_2&Prime; _builder_version=\u00a0\u00bb4.16&Prime; custom_padding=\u00a0\u00bb|||\u00a0\u00bb global_colors_info=\u00a0\u00bb{}\u00a0\u00bb custom_padding__hover=\u00a0\u00bb|||\u00a0\u00bb][et_pb_blurb _builder_version=\u00a0\u00bb4.18.0&Prime; custom_padding=\u00a0\u00bb32px|||||\u00a0\u00bb border_style=\u00a0\u00bbsolid\u00a0\u00bb global_colors_info=\u00a0\u00bb{}\u00a0\u00bb]<\/p>\n<p><span face=\"Times New Roman, serif\"><span size=\"3\">Pour les \u00e9tablissements scolaires<br \/><\/span><\/span><\/p>\n<ul>\n<li><span face=\"Times New Roman, serif\"><span size=\"3\">Mobilisation du th\u00e9\u00e2tre pour aborder des sujets d\u2019\u00e9cole et de soci\u00e9t\u00e9<\/span><\/span><\/li>\n<li><span face=\"Times New Roman, serif\"><span size=\"3\">Initiation et d\u00e9couverte du th\u00e9\u00e2tre (organisation de spectacles\/repr\u00e9sentations diverses)<\/span><\/span><\/li>\n<li><span face=\"Times New Roman, serif\"><span size=\"3\">Pr\u00e9paration aux \u00e9preuves orales et concours<\/span><\/span><\/li>\n<\/ul>\n<p><span face=\"Times New Roman, serif\"><span size=\"3\">Pour les \u00e9tablissements de sant\u00e9\u00a0(pour le personnel &amp; les patients)<\/span><\/span><\/p>\n<ul>\n<li><span face=\"Times New Roman, serif\"><span size=\"3\">Ateliers sur le bien-\u00eatre au travail (gestion du stress, coh\u00e9sion d\u2019\u00e9quipe etc.)<\/span><\/span><\/li>\n<li><span face=\"Times New Roman, serif\"><span size=\"3\">Ateliers d\u00e9couverte du th\u00e9\u00e2tre (improvisations et \u00e9critures de sayn\u00e8tes)<\/span><\/span><\/li>\n<li><span face=\"Times New Roman, serif\"><span size=\"3\">Repr\u00e9sentations et animations th\u00e9\u00e2trales<\/span><\/span><\/li>\n<\/ul>\n<p>[\/et_pb_blurb][\/et_pb_column][\/et_pb_row][\/et_pb_section][et_pb_section fb_built=\u00a0\u00bb1&Prime; fullwidth=\u00a0\u00bbon\u00a0\u00bb custom_padding_last_edited=\u00a0\u00bbon|desktop\u00a0\u00bb admin_label=\u00a0\u00bbsection\u00a0\u00bb _builder_version=\u00a0\u00bb4.16&Prime; background_color=\u00a0\u00bb#ffffff\u00a0\u00bb custom_padding=\u00a0\u00bb0px|0px|0px|0px\u00a0\u00bb custom_padding_tablet=\u00a0\u00bb50px|0|50px|0&Prime; custom_padding_phone=\u00a0\u00bb\u00a0\u00bb global_colors_info=\u00a0\u00bb{}\u00a0\u00bb][et_pb_fullwidth_image _builder_version=\u00a0\u00bb4.16&Prime; animation_style=\u00a0\u00bbslide\u00a0\u00bb animation_direction=\u00a0\u00bbleft\u00a0\u00bb animation_duration=\u00a0\u00bb500ms\u00a0\u00bb animation_intensity_slide=\u00a0\u00bb10%\u00a0\u00bb global_colors_info=\u00a0\u00bb{}\u00a0\u00bb]&nbsp;<\/p>\n<p class=\"et-fb-mce-line-break-holder\" style=\"text-align: center;\">[\/et_pb_fullwidth_image][\/et_pb_section]<\/p>\n","protected":false},"excerpt":{"rendered":"<p>Ateliers et formations en th\u00e9\u00e2tre Passionn\u00e9e de th\u00e9\u00e2tre, danse et musique depuis le plus jeune \u00e2ge, j\u2019ai \u00e9volu\u00e9 dans le monde de l\u2019entreprise et de l\u2019\u00e9v\u00e9nementiel depuis 2011. Aujourd\u2019hui, je propose des ateliers et formations de th\u00e9\u00e2tre en entreprises, en \u00e9tablissements de sant\u00e9 (h\u00f4pitaux, EHPAD, ESAT, Maison s\u00e9niors etc) et en \u00e9tablissements scolaires (du primaire [&hellip;]<\/p>\n","protected":false},"author":6,"featured_media":6747,"comment_status":"open","ping_status":"closed","template":"","meta":{"_et_pb_use_builder":"on","_et_pb_old_content":"","_et_gb_content_width":"","footnotes":""},"project_category":[15,30,33],"project_tag":[],"class_list":["post-5971","project","type-project","status-publish","has-post-thumbnail","hentry","project_category-animation-coop","project_category-communication-et-metiers-de-lecrit","project_category-formation"],"yoast_head":"<!-- This site is optimized with the Yoast SEO plugin v25.6 - https:\/\/yoast.com\/wordpress\/plugins\/seo\/ -->\n<title>Aline JARDIN : Ateliers et formations en th\u00e9\u00e2tre - Sapie<\/title>\n<meta name=\"robots\" content=\"index, follow, max-snippet:-1, max-image-preview:large, max-video-preview:-1\" \/>\n<link rel=\"canonical\" href=\"https:\/\/sapie.coop\/site\/project\/aline-jardin-ateliers-et-formations-en-theatre\/\" \/>\n<script type=\"application\/ld+json\" class=\"yoast-schema-graph\">{\"@context\":\"https:\/\/schema.org\",\"@graph\":[{\"@type\":\"WebPage\",\"@id\":\"https:\/\/sapie.coop\/site\/project\/aline-jardin-ateliers-et-formations-en-theatre\/\",\"url\":\"https:\/\/sapie.coop\/site\/project\/aline-jardin-ateliers-et-formations-en-theatre\/\",\"name\":\"Aline JARDIN : Ateliers et formations en th\u00e9\u00e2tre - Sapie\",\"isPartOf\":{\"@id\":\"https:\/\/sapie.coop\/site\/#website\"},\"primaryImageOfPage\":{\"@id\":\"https:\/\/sapie.coop\/site\/project\/aline-jardin-ateliers-et-formations-en-theatre\/#primaryimage\"},\"image\":{\"@id\":\"https:\/\/sapie.coop\/site\/project\/aline-jardin-ateliers-et-formations-en-theatre\/#primaryimage\"},\"thumbnailUrl\":\"https:\/\/sapie.coop\/site\/wp-content\/uploads\/2020\/02\/photo-profil-Aline-500-x-500.png\",\"datePublished\":\"2021-01-31T18:29:55+00:00\",\"dateModified\":\"2024-09-20T07:52:10+00:00\",\"breadcrumb\":{\"@id\":\"https:\/\/sapie.coop\/site\/project\/aline-jardin-ateliers-et-formations-en-theatre\/#breadcrumb\"},\"inLanguage\":\"fr-FR\",\"potentialAction\":[{\"@type\":\"ReadAction\",\"target\":[\"https:\/\/sapie.coop\/site\/project\/aline-jardin-ateliers-et-formations-en-theatre\/\"]}]},{\"@type\":\"ImageObject\",\"inLanguage\":\"fr-FR\",\"@id\":\"https:\/\/sapie.coop\/site\/project\/aline-jardin-ateliers-et-formations-en-theatre\/#primaryimage\",\"url\":\"https:\/\/sapie.coop\/site\/wp-content\/uploads\/2020\/02\/photo-profil-Aline-500-x-500.png\",\"contentUrl\":\"https:\/\/sapie.coop\/site\/wp-content\/uploads\/2020\/02\/photo-profil-Aline-500-x-500.png\",\"width\":500,\"height\":500},{\"@type\":\"BreadcrumbList\",\"@id\":\"https:\/\/sapie.coop\/site\/project\/aline-jardin-ateliers-et-formations-en-theatre\/#breadcrumb\",\"itemListElement\":[{\"@type\":\"ListItem\",\"position\":1,\"name\":\"Accueil\",\"item\":\"https:\/\/sapie.coop\/site\/\"},{\"@type\":\"ListItem\",\"position\":2,\"name\":\"Projets\",\"item\":\"https:\/\/sapie.coop\/site\/project\/\"},{\"@type\":\"ListItem\",\"position\":3,\"name\":\"Aline JARDIN : Ateliers et formations en th\u00e9\u00e2tre\"}]},{\"@type\":\"WebSite\",\"@id\":\"https:\/\/sapie.coop\/site\/#website\",\"url\":\"https:\/\/sapie.coop\/site\/\",\"name\":\"Sapie\",\"description\":\"Coop\u00e9rative d&#039;accompagnement de projets\",\"potentialAction\":[{\"@type\":\"SearchAction\",\"target\":{\"@type\":\"EntryPoint\",\"urlTemplate\":\"https:\/\/sapie.coop\/site\/?s={search_term_string}\"},\"query-input\":{\"@type\":\"PropertyValueSpecification\",\"valueRequired\":true,\"valueName\":\"search_term_string\"}}],\"inLanguage\":\"fr-FR\"}]}<\/script>\n<!-- \/ Yoast SEO plugin. -->","yoast_head_json":{"title":"Aline JARDIN : Ateliers et formations en th\u00e9\u00e2tre - Sapie","robots":{"index":"index","follow":"follow","max-snippet":"max-snippet:-1","max-image-preview":"max-image-preview:large","max-video-preview":"max-video-preview:-1"},"canonical":"https:\/\/sapie.coop\/site\/project\/aline-jardin-ateliers-et-formations-en-theatre\/","schema":{"@context":"https:\/\/schema.org","@graph":[{"@type":"WebPage","@id":"https:\/\/sapie.coop\/site\/project\/aline-jardin-ateliers-et-formations-en-theatre\/","url":"https:\/\/sapie.coop\/site\/project\/aline-jardin-ateliers-et-formations-en-theatre\/","name":"Aline JARDIN : Ateliers et formations en th\u00e9\u00e2tre - Sapie","isPartOf":{"@id":"https:\/\/sapie.coop\/site\/#website"},"primaryImageOfPage":{"@id":"https:\/\/sapie.coop\/site\/project\/aline-jardin-ateliers-et-formations-en-theatre\/#primaryimage"},"image":{"@id":"https:\/\/sapie.coop\/site\/project\/aline-jardin-ateliers-et-formations-en-theatre\/#primaryimage"},"thumbnailUrl":"https:\/\/sapie.coop\/site\/wp-content\/uploads\/2020\/02\/photo-profil-Aline-500-x-500.png","datePublished":"2021-01-31T18:29:55+00:00","dateModified":"2024-09-20T07:52:10+00:00","breadcrumb":{"@id":"https:\/\/sapie.coop\/site\/project\/aline-jardin-ateliers-et-formations-en-theatre\/#breadcrumb"},"inLanguage":"fr-FR","potentialAction":[{"@type":"ReadAction","target":["https:\/\/sapie.coop\/site\/project\/aline-jardin-ateliers-et-formations-en-theatre\/"]}]},{"@type":"ImageObject","inLanguage":"fr-FR","@id":"https:\/\/sapie.coop\/site\/project\/aline-jardin-ateliers-et-formations-en-theatre\/#primaryimage","url":"https:\/\/sapie.coop\/site\/wp-content\/uploads\/2020\/02\/photo-profil-Aline-500-x-500.png","contentUrl":"https:\/\/sapie.coop\/site\/wp-content\/uploads\/2020\/02\/photo-profil-Aline-500-x-500.png","width":500,"height":500},{"@type":"BreadcrumbList","@id":"https:\/\/sapie.coop\/site\/project\/aline-jardin-ateliers-et-formations-en-theatre\/#breadcrumb","itemListElement":[{"@type":"ListItem","position":1,"name":"Accueil","item":"https:\/\/sapie.coop\/site\/"},{"@type":"ListItem","position":2,"name":"Projets","item":"https:\/\/sapie.coop\/site\/project\/"},{"@type":"ListItem","position":3,"name":"Aline JARDIN : Ateliers et formations en th\u00e9\u00e2tre"}]},{"@type":"WebSite","@id":"https:\/\/sapie.coop\/site\/#website","url":"https:\/\/sapie.coop\/site\/","name":"Sapie","description":"Coop\u00e9rative d&#039;accompagnement de projets","potentialAction":[{"@type":"SearchAction","target":{"@type":"EntryPoint","urlTemplate":"https:\/\/sapie.coop\/site\/?s={search_term_string}"},"query-input":{"@type":"PropertyValueSpecification","valueRequired":true,"valueName":"search_term_string"}}],"inLanguage":"fr-FR"}]}},"_links":{"self":[{"href":"https:\/\/sapie.coop\/site\/wp-json\/wp\/v2\/project\/5971"}],"collection":[{"href":"https:\/\/sapie.coop\/site\/wp-json\/wp\/v2\/project"}],"about":[{"href":"https:\/\/sapie.coop\/site\/wp-json\/wp\/v2\/types\/project"}],"author":[{"embeddable":true,"href":"https:\/\/sapie.coop\/site\/wp-json\/wp\/v2\/users\/6"}],"replies":[{"embeddable":true,"href":"https:\/\/sapie.coop\/site\/wp-json\/wp\/v2\/comments?post=5971"}],"version-history":[{"count":15,"href":"https:\/\/sapie.coop\/site\/wp-json\/wp\/v2\/project\/5971\/revisions"}],"predecessor-version":[{"id":9918,"href":"https:\/\/sapie.coop\/site\/wp-json\/wp\/v2\/project\/5971\/revisions\/9918"}],"wp:featuredmedia":[{"embeddable":true,"href":"https:\/\/sapie.coop\/site\/wp-json\/wp\/v2\/media\/6747"}],"wp:attachment":[{"href":"https:\/\/sapie.coop\/site\/wp-json\/wp\/v2\/media?parent=5971"}],"wp:term":[{"taxonomy":"project_category","embeddable":true,"href":"https:\/\/sapie.coop\/site\/wp-json\/wp\/v2\/project_category?post=5971"},{"taxonomy":"project_tag","embeddable":true,"href":"https:\/\/sapie.coop\/site\/wp-json\/wp\/v2\/project_tag?post=5971"}],"curies":[{"name":"wp","href":"https:\/\/api.w.org\/{rel}","templated":true}]}}