{"id":5359,"date":"2020-04-28T14:37:35","date_gmt":"2020-04-28T12:37:35","guid":{"rendered":"https:\/\/sapie.coop\/site\/?post_type=project&#038;p=5359"},"modified":"2025-10-13T10:24:29","modified_gmt":"2025-10-13T08:24:29","slug":"jean-marc-barrier-graphisme-et-image","status":"publish","type":"project","link":"https:\/\/sapie.coop\/site\/project\/jean-marc-barrier-graphisme-et-image\/","title":{"rendered":"Jean-Marc Barrier : graphiste, artiste et auteur"},"content":{"rendered":"<p>[et_pb_section fb_built=\u00a0\u00bb1&Prime; _builder_version=\u00a0\u00bb4.18.0&Prime; _module_preset=\u00a0\u00bbdefault\u00a0\u00bb background_image=\u00a0\u00bbhttps:\/\/sapie.coop\/site\/wp-content\/uploads\/2022\/10\/nume\u0301rique-et-communication.png\u00a0\u00bb global_colors_info=\u00a0\u00bb{}\u00a0\u00bb][et_pb_row _builder_version=\u00a0\u00bb4.16&Prime; _module_preset=\u00a0\u00bbdefault\u00a0\u00bb custom_padding=\u00a0\u00bb||0px|||\u00a0\u00bb global_colors_info=\u00a0\u00bb{}\u00a0\u00bb][et_pb_column type=\u00a0\u00bb4_4&Prime; _builder_version=\u00a0\u00bb4.16&Prime; _module_preset=\u00a0\u00bbdefault\u00a0\u00bb global_colors_info=\u00a0\u00bb{}\u00a0\u00bb][et_pb_button button_text=\u00a0\u00bbNum\u00e9rique et communication\u00a0\u00bb _builder_version=\u00a0\u00bb4.18.0&Prime; _module_preset=\u00a0\u00bba93bd5f4-85ca-4af8-aab9-5954042d5969&Prime; custom_button=\u00a0\u00bbon\u00a0\u00bb button_text_size=\u00a0\u00bb16px\u00a0\u00bb button_text_color=\u00a0\u00bb#ffffff\u00a0\u00bb button_bg_color=\u00a0\u00bb#660707&Prime; button_border_width=\u00a0\u00bb0px\u00a0\u00bb button_border_radius=\u00a0\u00bb0px\u00a0\u00bb button_letter_spacing=\u00a0\u00bb2px\u00a0\u00bb button_font=\u00a0\u00bbArchivo|600||on|||||\u00a0\u00bb custom_padding=\u00a0\u00bb16px|24px|16px|24px|true|true\u00a0\u00bb custom_padding_tablet=\u00a0\u00bb12px|20px|12px|20px|true|true\u00a0\u00bb custom_padding_phone=\u00a0\u00bb10px|20px|10px|20px|true|true\u00a0\u00bb custom_padding_last_edited=\u00a0\u00bboff|desktop\u00a0\u00bb button_text_size_tablet=\u00a0\u00bb15px\u00a0\u00bb button_text_size_phone=\u00a0\u00bb14px\u00a0\u00bb button_text_size_last_edited=\u00a0\u00bboff|desktop\u00a0\u00bb global_colors_info=\u00a0\u00bb{}\u00a0\u00bb button_bg_color__hover=\u00a0\u00bb#A8D5BC\u00a0\u00bb button_bg_color__hover_enabled=\u00a0\u00bboff|desktop\u00a0\u00bb button_text_color__hover=\u00a0\u00bb#2B5452&Prime; button_text_color__hover_enabled=\u00a0\u00bboff|desktop\u00a0\u00bb][\/et_pb_button][\/et_pb_column][\/et_pb_row][\/et_pb_section][et_pb_section fb_built=\u00a0\u00bb1&Prime; fullwidth=\u00a0\u00bbon\u00a0\u00bb _builder_version=\u00a0\u00bb4.16&Prime; global_colors_info=\u00a0\u00bb{}\u00a0\u00bb][et_pb_fullwidth_menu menu_id=\u00a0\u00bb25&Prime; active_link_color=\u00a0\u00bb#F9C014&Prime; _builder_version=\u00a0\u00bb4.18.0&Prime; _module_preset=\u00a0\u00bbdefault\u00a0\u00bb menu_font=\u00a0\u00bb|||on|||||\u00a0\u00bb menu_text_color=\u00a0\u00bb#ffffff\u00a0\u00bb menu_font_size=\u00a0\u00bb12px\u00a0\u00bb background_color=\u00a0\u00bb#C2422A\u00a0\u00bb global_colors_info=\u00a0\u00bb{}\u00a0\u00bb][\/et_pb_fullwidth_menu][\/et_pb_section][et_pb_section fb_built=\u00a0\u00bb1&Prime; _builder_version=\u00a0\u00bb4.16&Prime; min_height=\u00a0\u00bb876px\u00a0\u00bb custom_padding=\u00a0\u00bb||21px|||\u00a0\u00bb global_colors_info=\u00a0\u00bb{}\u00a0\u00bb][et_pb_row column_structure=\u00a0\u00bb1_3,2_3&Prime; _builder_version=\u00a0\u00bb4.16&Prime; background_size=\u00a0\u00bbinitial\u00a0\u00bb background_position=\u00a0\u00bbtop_left\u00a0\u00bb background_repeat=\u00a0\u00bbrepeat\u00a0\u00bb global_colors_info=\u00a0\u00bb{}\u00a0\u00bb][et_pb_column type=\u00a0\u00bb1_3&Prime; _builder_version=\u00a0\u00bb4.16&Prime; custom_padding=\u00a0\u00bb|||\u00a0\u00bb global_colors_info=\u00a0\u00bb{}\u00a0\u00bb custom_padding__hover=\u00a0\u00bb|||\u00a0\u00bb][et_pb_image src=\u00a0\u00bbhttps:\/\/sapie.coop\/site\/wp-content\/uploads\/2025\/10\/jm-barrier.jpg\u00a0\u00bb title_text=\u00a0\u00bbjm barrier\u00a0\u00bb align_tablet=\u00a0\u00bbcenter\u00a0\u00bb align_phone=\u00a0\u00bb\u00a0\u00bb align_last_edited=\u00a0\u00bbon|desktop\u00a0\u00bb _builder_version=\u00a0\u00bb4.24.2&Prime; border_style=\u00a0\u00bbsolid\u00a0\u00bb always_center_on_mobile=\u00a0\u00bbon\u00a0\u00bb global_colors_info=\u00a0\u00bb{}\u00a0\u00bb][\/et_pb_image][\/et_pb_column][et_pb_column type=\u00a0\u00bb2_3&Prime; _builder_version=\u00a0\u00bb4.16&Prime; custom_padding=\u00a0\u00bb|||\u00a0\u00bb global_colors_info=\u00a0\u00bb{}\u00a0\u00bb custom_padding__hover=\u00a0\u00bb|||\u00a0\u00bb][et_pb_blurb title=\u00a0\u00bbJean-Marc Barrier\u00a0\u00bb url_new_window=\u00a0\u00bbon\u00a0\u00bb _builder_version=\u00a0\u00bb4.24.2&Prime; link_option_url_new_window=\u00a0\u00bbon\u00a0\u00bb border_style=\u00a0\u00bbsolid\u00a0\u00bb global_colors_info=\u00a0\u00bb{}\u00a0\u00bb]<\/p>\n<h5><\/h5>\n<p><strong>Graphiste, artiste et auteur<\/strong><\/p>\n<p>Une formation artistique aux Beaux-Arts de Lyon, la pratique de la photographie, de la peinture et du dessin et un go\u00fbt prononc\u00e9 pour la typographie m\u2019ont amen\u00e9 \u00e0 travailler pour la culture et le livre. J\u2019\u00e9cris \u00e9galement et ai vu 7 livres de mes po\u00e8mes \u00eatre \u00e9dit\u00e9s. Mes po\u00e8mes ont \u00e9t\u00e9 traduits et \u00e9dit\u00e9s en croate, russe, italien, roumain, anglais et espagnol.<\/p>\n<p><strong>Mes prestations :<\/strong> Je r\u00e9alise des affiches, des mises en page de livres et des couvertures de livres, de brochures et des images institutionnelles.<\/p>\n<p><strong>Contact<\/strong>\u00a0 : 06 98 81 30 24 \/ <a href=\"mailto:jeanmarcbarrier@gmail.com\" target=\"_blank\" rel=\"noopener\">jeanmarcbarrier@gmail.com<\/a><\/p>\n<p>Site graphisme et \u00e9criture\u00a0: <a href=\"http:\/\/www.jeanmarcbarrier.fr\/\" target=\"_blank\" rel=\"noopener\">http:\/\/www.jeanmarcbarrier.fr\/<\/a><\/p>\n<p>Site photographique\u00a0: <a href=\"http:\/\/www.flickr.com\/photos\/autre_rive\/\" target=\"_blank\" rel=\"noopener\">http:\/\/www.flickr.com\/photos\/autre_rive\/<\/a><\/p>\n<p>Facebook : <a href=\"http:\/\/www.facebook.com\/Poem-Jean-Marc-Barrier-121447681246753\/\" target=\"_blank\" rel=\"noopener\">poem | jean-marc barrier<\/a><\/p>\n<p>Instagram : <a href=\"https:\/\/www.instagram.com\/barrierjeanmarc\/\" target=\"_blank\" rel=\"noopener\">@barrierjeanmarc<\/a><\/p>\n<p>Zone d&rsquo;intervention : H\u00e9rault, Aude, Pyr\u00e9n\u00e9es-Orientales<\/p>\n<p>[\/et_pb_blurb][\/et_pb_column][\/et_pb_row][et_pb_row _builder_version=\u00a0\u00bb4.24.2&Prime; _module_preset=\u00a0\u00bbdefault\u00a0\u00bb column_structure=\u00a0\u00bb1_2,1_2&Prime;][et_pb_column _builder_version=\u00a0\u00bb4.24.2&Prime; _module_preset=\u00a0\u00bbdefault\u00a0\u00bb type=\u00a0\u00bb1_2&Prime;][et_pb_image src=\u00a0\u00bbhttps:\/\/sapie.coop\/site\/wp-content\/uploads\/2025\/10\/jm-barrier-reference.jpg\u00a0\u00bb _builder_version=\u00a0\u00bb4.24.2&Prime; _module_preset=\u00a0\u00bbdefault\u00a0\u00bb title_text=\u00a0\u00bbjm barrier, re\u0301fe\u0301rence\u00a0\u00bb width=\u00a0\u00bb61%\u00a0\u00bb hover_enabled=\u00a0\u00bb0&Prime; sticky_enabled=\u00a0\u00bb0&Prime;][\/et_pb_image][\/et_pb_column][et_pb_column _builder_version=\u00a0\u00bb4.24.2&Prime; _module_preset=\u00a0\u00bbdefault\u00a0\u00bb type=\u00a0\u00bb1_2&Prime;][et_pb_image src=\u00a0\u00bbhttps:\/\/sapie.coop\/site\/wp-content\/uploads\/2020\/04\/r\u00e9alisations-jm-barrier.jpg\u00a0\u00bb title_text=\u00a0\u00bbr\u00e9alisations jm barrier\u00a0\u00bb _builder_version=\u00a0\u00bb4.24.2&Prime; hover_enabled=\u00a0\u00bb0&Prime; global_colors_info=\u00a0\u00bb{}\u00a0\u00bb sticky_enabled=\u00a0\u00bb0&Prime;][\/et_pb_image][\/et_pb_column][\/et_pb_row][\/et_pb_section][et_pb_section fb_built=\u00a0\u00bb1&Prime; fullwidth=\u00a0\u00bbon\u00a0\u00bb custom_padding_last_edited=\u00a0\u00bbon|desktop\u00a0\u00bb admin_label=\u00a0\u00bbsection\u00a0\u00bb _builder_version=\u00a0\u00bb4.16&Prime; background_color=\u00a0\u00bb#ffffff\u00a0\u00bb custom_padding=\u00a0\u00bb0px|0px|0px|0px\u00a0\u00bb custom_padding_tablet=\u00a0\u00bb50px|0|50px|0&Prime; custom_padding_phone=\u00a0\u00bb\u00a0\u00bb global_colors_info=\u00a0\u00bb{}\u00a0\u00bb][et_pb_fullwidth_image _builder_version=\u00a0\u00bb4.16&Prime; animation_style=\u00a0\u00bbslide\u00a0\u00bb animation_direction=\u00a0\u00bbleft\u00a0\u00bb animation_duration=\u00a0\u00bb500ms\u00a0\u00bb animation_intensity_slide=\u00a0\u00bb10%\u00a0\u00bb global_colors_info=\u00a0\u00bb{}\u00a0\u00bb]&nbsp;<\/p>\n<p class=\"et-fb-mce-line-break-holder\" style=\"text-align: center;\">[\/et_pb_fullwidth_image][\/et_pb_section]<\/p>\n","protected":false},"excerpt":{"rendered":"<p>Graphiste, artiste et auteur Une formation artistique aux Beaux-Arts de Lyon, la pratique de la photographie, de la peinture et du dessin et un go\u00fbt prononc\u00e9 pour la typographie m\u2019ont amen\u00e9 \u00e0 travailler pour la culture et le livre. J\u2019\u00e9cris \u00e9galement et ai vu 7 livres de mes po\u00e8mes \u00eatre \u00e9dit\u00e9s. Mes po\u00e8mes ont \u00e9t\u00e9 [&hellip;]<\/p>\n","protected":false},"author":6,"featured_media":5356,"comment_status":"open","ping_status":"closed","template":"","meta":{"_et_pb_use_builder":"on","_et_pb_old_content":"","_et_gb_content_width":"","footnotes":""},"project_category":[11],"project_tag":[],"class_list":["post-5359","project","type-project","status-publish","has-post-thumbnail","hentry","project_category-graphistes"],"yoast_head":"<!-- This site is optimized with the Yoast SEO plugin v25.6 - https:\/\/yoast.com\/wordpress\/plugins\/seo\/ -->\n<title>Jean-Marc Barrier : graphiste, artiste et auteur - Sapie<\/title>\n<meta name=\"robots\" content=\"index, follow, max-snippet:-1, max-image-preview:large, max-video-preview:-1\" \/>\n<link rel=\"canonical\" href=\"https:\/\/sapie.coop\/site\/project\/jean-marc-barrier-graphisme-et-image\/\" \/>\n<script type=\"application\/ld+json\" class=\"yoast-schema-graph\">{\"@context\":\"https:\/\/schema.org\",\"@graph\":[{\"@type\":\"WebPage\",\"@id\":\"https:\/\/sapie.coop\/site\/project\/jean-marc-barrier-graphisme-et-image\/\",\"url\":\"https:\/\/sapie.coop\/site\/project\/jean-marc-barrier-graphisme-et-image\/\",\"name\":\"Jean-Marc Barrier : graphiste, artiste et auteur - Sapie\",\"isPartOf\":{\"@id\":\"https:\/\/sapie.coop\/site\/#website\"},\"primaryImageOfPage\":{\"@id\":\"https:\/\/sapie.coop\/site\/project\/jean-marc-barrier-graphisme-et-image\/#primaryimage\"},\"image\":{\"@id\":\"https:\/\/sapie.coop\/site\/project\/jean-marc-barrier-graphisme-et-image\/#primaryimage\"},\"thumbnailUrl\":\"https:\/\/sapie.coop\/site\/wp-content\/uploads\/2020\/04\/jean-marc-barrier.jpg\",\"datePublished\":\"2020-04-28T12:37:35+00:00\",\"dateModified\":\"2025-10-13T08:24:29+00:00\",\"breadcrumb\":{\"@id\":\"https:\/\/sapie.coop\/site\/project\/jean-marc-barrier-graphisme-et-image\/#breadcrumb\"},\"inLanguage\":\"fr-FR\",\"potentialAction\":[{\"@type\":\"ReadAction\",\"target\":[\"https:\/\/sapie.coop\/site\/project\/jean-marc-barrier-graphisme-et-image\/\"]}]},{\"@type\":\"ImageObject\",\"inLanguage\":\"fr-FR\",\"@id\":\"https:\/\/sapie.coop\/site\/project\/jean-marc-barrier-graphisme-et-image\/#primaryimage\",\"url\":\"https:\/\/sapie.coop\/site\/wp-content\/uploads\/2020\/04\/jean-marc-barrier.jpg\",\"contentUrl\":\"https:\/\/sapie.coop\/site\/wp-content\/uploads\/2020\/04\/jean-marc-barrier.jpg\",\"width\":700,\"height\":501},{\"@type\":\"BreadcrumbList\",\"@id\":\"https:\/\/sapie.coop\/site\/project\/jean-marc-barrier-graphisme-et-image\/#breadcrumb\",\"itemListElement\":[{\"@type\":\"ListItem\",\"position\":1,\"name\":\"Accueil\",\"item\":\"https:\/\/sapie.coop\/site\/\"},{\"@type\":\"ListItem\",\"position\":2,\"name\":\"Projets\",\"item\":\"https:\/\/sapie.coop\/site\/project\/\"},{\"@type\":\"ListItem\",\"position\":3,\"name\":\"Jean-Marc Barrier : graphiste, artiste et auteur\"}]},{\"@type\":\"WebSite\",\"@id\":\"https:\/\/sapie.coop\/site\/#website\",\"url\":\"https:\/\/sapie.coop\/site\/\",\"name\":\"Sapie\",\"description\":\"Coop\u00e9rative d&#039;accompagnement de projets\",\"potentialAction\":[{\"@type\":\"SearchAction\",\"target\":{\"@type\":\"EntryPoint\",\"urlTemplate\":\"https:\/\/sapie.coop\/site\/?s={search_term_string}\"},\"query-input\":{\"@type\":\"PropertyValueSpecification\",\"valueRequired\":true,\"valueName\":\"search_term_string\"}}],\"inLanguage\":\"fr-FR\"}]}<\/script>\n<!-- \/ Yoast SEO plugin. -->","yoast_head_json":{"title":"Jean-Marc Barrier : graphiste, artiste et auteur - Sapie","robots":{"index":"index","follow":"follow","max-snippet":"max-snippet:-1","max-image-preview":"max-image-preview:large","max-video-preview":"max-video-preview:-1"},"canonical":"https:\/\/sapie.coop\/site\/project\/jean-marc-barrier-graphisme-et-image\/","schema":{"@context":"https:\/\/schema.org","@graph":[{"@type":"WebPage","@id":"https:\/\/sapie.coop\/site\/project\/jean-marc-barrier-graphisme-et-image\/","url":"https:\/\/sapie.coop\/site\/project\/jean-marc-barrier-graphisme-et-image\/","name":"Jean-Marc Barrier : graphiste, artiste et auteur - Sapie","isPartOf":{"@id":"https:\/\/sapie.coop\/site\/#website"},"primaryImageOfPage":{"@id":"https:\/\/sapie.coop\/site\/project\/jean-marc-barrier-graphisme-et-image\/#primaryimage"},"image":{"@id":"https:\/\/sapie.coop\/site\/project\/jean-marc-barrier-graphisme-et-image\/#primaryimage"},"thumbnailUrl":"https:\/\/sapie.coop\/site\/wp-content\/uploads\/2020\/04\/jean-marc-barrier.jpg","datePublished":"2020-04-28T12:37:35+00:00","dateModified":"2025-10-13T08:24:29+00:00","breadcrumb":{"@id":"https:\/\/sapie.coop\/site\/project\/jean-marc-barrier-graphisme-et-image\/#breadcrumb"},"inLanguage":"fr-FR","potentialAction":[{"@type":"ReadAction","target":["https:\/\/sapie.coop\/site\/project\/jean-marc-barrier-graphisme-et-image\/"]}]},{"@type":"ImageObject","inLanguage":"fr-FR","@id":"https:\/\/sapie.coop\/site\/project\/jean-marc-barrier-graphisme-et-image\/#primaryimage","url":"https:\/\/sapie.coop\/site\/wp-content\/uploads\/2020\/04\/jean-marc-barrier.jpg","contentUrl":"https:\/\/sapie.coop\/site\/wp-content\/uploads\/2020\/04\/jean-marc-barrier.jpg","width":700,"height":501},{"@type":"BreadcrumbList","@id":"https:\/\/sapie.coop\/site\/project\/jean-marc-barrier-graphisme-et-image\/#breadcrumb","itemListElement":[{"@type":"ListItem","position":1,"name":"Accueil","item":"https:\/\/sapie.coop\/site\/"},{"@type":"ListItem","position":2,"name":"Projets","item":"https:\/\/sapie.coop\/site\/project\/"},{"@type":"ListItem","position":3,"name":"Jean-Marc Barrier : graphiste, artiste et auteur"}]},{"@type":"WebSite","@id":"https:\/\/sapie.coop\/site\/#website","url":"https:\/\/sapie.coop\/site\/","name":"Sapie","description":"Coop\u00e9rative d&#039;accompagnement de projets","potentialAction":[{"@type":"SearchAction","target":{"@type":"EntryPoint","urlTemplate":"https:\/\/sapie.coop\/site\/?s={search_term_string}"},"query-input":{"@type":"PropertyValueSpecification","valueRequired":true,"valueName":"search_term_string"}}],"inLanguage":"fr-FR"}]}},"_links":{"self":[{"href":"https:\/\/sapie.coop\/site\/wp-json\/wp\/v2\/project\/5359"}],"collection":[{"href":"https:\/\/sapie.coop\/site\/wp-json\/wp\/v2\/project"}],"about":[{"href":"https:\/\/sapie.coop\/site\/wp-json\/wp\/v2\/types\/project"}],"author":[{"embeddable":true,"href":"https:\/\/sapie.coop\/site\/wp-json\/wp\/v2\/users\/6"}],"replies":[{"embeddable":true,"href":"https:\/\/sapie.coop\/site\/wp-json\/wp\/v2\/comments?post=5359"}],"version-history":[{"count":19,"href":"https:\/\/sapie.coop\/site\/wp-json\/wp\/v2\/project\/5359\/revisions"}],"predecessor-version":[{"id":10766,"href":"https:\/\/sapie.coop\/site\/wp-json\/wp\/v2\/project\/5359\/revisions\/10766"}],"wp:featuredmedia":[{"embeddable":true,"href":"https:\/\/sapie.coop\/site\/wp-json\/wp\/v2\/media\/5356"}],"wp:attachment":[{"href":"https:\/\/sapie.coop\/site\/wp-json\/wp\/v2\/media?parent=5359"}],"wp:term":[{"taxonomy":"project_category","embeddable":true,"href":"https:\/\/sapie.coop\/site\/wp-json\/wp\/v2\/project_category?post=5359"},{"taxonomy":"project_tag","embeddable":true,"href":"https:\/\/sapie.coop\/site\/wp-json\/wp\/v2\/project_tag?post=5359"}],"curies":[{"name":"wp","href":"https:\/\/api.w.org\/{rel}","templated":true}]}}