{"id":5231,"date":"2020-02-24T22:14:45","date_gmt":"2020-02-24T21:14:45","guid":{"rendered":"https:\/\/sapie.coop\/site\/?post_type=project&#038;p=5231"},"modified":"2024-09-20T09:48:29","modified_gmt":"2024-09-20T07:48:29","slug":"5231","status":"publish","type":"project","link":"https:\/\/sapie.coop\/site\/project\/5231\/","title":{"rendered":"Jean No\u00ebl Armengaud : Conseil et Formation en sant\u00e9 s\u00e9curit\u00e9 ergonomie"},"content":{"rendered":"<p>[et_pb_section fb_built=\u00a0\u00bb1&Prime; _builder_version=\u00a0\u00bb4.18.0&Prime; _module_preset=\u00a0\u00bbdefault\u00a0\u00bb background_image=\u00a0\u00bbhttps:\/\/sapie.coop\/site\/wp-content\/uploads\/2022\/10\/Conseils.png\u00a0\u00bb global_colors_info=\u00a0\u00bb{}\u00a0\u00bb][et_pb_row _builder_version=\u00a0\u00bb4.16&Prime; _module_preset=\u00a0\u00bbdefault\u00a0\u00bb custom_padding=\u00a0\u00bb||0px|||\u00a0\u00bb global_colors_info=\u00a0\u00bb{}\u00a0\u00bb][et_pb_column type=\u00a0\u00bb4_4&Prime; _builder_version=\u00a0\u00bb4.16&Prime; _module_preset=\u00a0\u00bbdefault\u00a0\u00bb global_colors_info=\u00a0\u00bb{}\u00a0\u00bb][et_pb_button button_text=\u00a0\u00bbConseils et Services\u00a0\u00bb _builder_version=\u00a0\u00bb4.18.0&Prime; _module_preset=\u00a0\u00bba93bd5f4-85ca-4af8-aab9-5954042d5969&Prime; custom_button=\u00a0\u00bbon\u00a0\u00bb button_text_size=\u00a0\u00bb16px\u00a0\u00bb button_text_color=\u00a0\u00bb#ffffff\u00a0\u00bb button_bg_color=\u00a0\u00bb#660707&Prime; button_border_width=\u00a0\u00bb0px\u00a0\u00bb button_border_radius=\u00a0\u00bb0px\u00a0\u00bb button_letter_spacing=\u00a0\u00bb2px\u00a0\u00bb button_font=\u00a0\u00bbArchivo|600||on|||||\u00a0\u00bb custom_padding=\u00a0\u00bb16px|24px|16px|24px|true|true\u00a0\u00bb custom_padding_tablet=\u00a0\u00bb12px|20px|12px|20px|true|true\u00a0\u00bb custom_padding_phone=\u00a0\u00bb10px|20px|10px|20px|true|true\u00a0\u00bb custom_padding_last_edited=\u00a0\u00bboff|desktop\u00a0\u00bb button_text_size_tablet=\u00a0\u00bb15px\u00a0\u00bb button_text_size_phone=\u00a0\u00bb14px\u00a0\u00bb button_text_size_last_edited=\u00a0\u00bboff|desktop\u00a0\u00bb global_colors_info=\u00a0\u00bb{}\u00a0\u00bb button_bg_color__hover=\u00a0\u00bb#A8D5BC\u00a0\u00bb button_bg_color__hover_enabled=\u00a0\u00bboff|desktop\u00a0\u00bb button_text_color__hover=\u00a0\u00bb#2B5452&Prime; button_text_color__hover_enabled=\u00a0\u00bboff|desktop\u00a0\u00bb][\/et_pb_button][\/et_pb_column][\/et_pb_row][\/et_pb_section][et_pb_section fb_built=\u00a0\u00bb1&Prime; fullwidth=\u00a0\u00bbon\u00a0\u00bb _builder_version=\u00a0\u00bb4.16&Prime; global_colors_info=\u00a0\u00bb{}\u00a0\u00bb][et_pb_fullwidth_menu menu_id=\u00a0\u00bb25&Prime; active_link_color=\u00a0\u00bb#F9C014&Prime; _builder_version=\u00a0\u00bb4.18.0&Prime; _module_preset=\u00a0\u00bbdefault\u00a0\u00bb menu_font=\u00a0\u00bb|||on|||||\u00a0\u00bb menu_text_color=\u00a0\u00bb#ffffff\u00a0\u00bb menu_font_size=\u00a0\u00bb12px\u00a0\u00bb background_color=\u00a0\u00bb#C2422A\u00a0\u00bb global_colors_info=\u00a0\u00bb{}\u00a0\u00bb][\/et_pb_fullwidth_menu][\/et_pb_section][et_pb_section fb_built=\u00a0\u00bb1&Prime; _builder_version=\u00a0\u00bb4.16&Prime; custom_margin=\u00a0\u00bb||-84px|||\u00a0\u00bb global_colors_info=\u00a0\u00bb{}\u00a0\u00bb][et_pb_row column_structure=\u00a0\u00bb1_3,2_3&Prime; _builder_version=\u00a0\u00bb4.16&Prime; background_size=\u00a0\u00bbinitial\u00a0\u00bb background_position=\u00a0\u00bbtop_left\u00a0\u00bb background_repeat=\u00a0\u00bbrepeat\u00a0\u00bb custom_padding=\u00a0\u00bb||0px|||\u00a0\u00bb global_colors_info=\u00a0\u00bb{}\u00a0\u00bb][et_pb_column type=\u00a0\u00bb1_3&Prime; _builder_version=\u00a0\u00bb4.16&Prime; custom_padding=\u00a0\u00bb|||\u00a0\u00bb global_colors_info=\u00a0\u00bb{}\u00a0\u00bb custom_padding__hover=\u00a0\u00bb|||\u00a0\u00bb][et_pb_image src=\u00a0\u00bbhttps:\/\/sapie.coop\/site\/wp-content\/uploads\/2020\/02\/protrait-pro-ext-largeweb.jpg\u00a0\u00bb align_tablet=\u00a0\u00bbcenter\u00a0\u00bb align_phone=\u00a0\u00bb\u00a0\u00bb align_last_edited=\u00a0\u00bbon|desktop\u00a0\u00bb _builder_version=\u00a0\u00bb4.16&Prime; border_style=\u00a0\u00bbsolid\u00a0\u00bb always_center_on_mobile=\u00a0\u00bbon\u00a0\u00bb global_colors_info=\u00a0\u00bb{}\u00a0\u00bb][\/et_pb_image][\/et_pb_column][et_pb_column type=\u00a0\u00bb2_3&Prime; _builder_version=\u00a0\u00bb4.16&Prime; custom_padding=\u00a0\u00bb|||\u00a0\u00bb global_colors_info=\u00a0\u00bb{}\u00a0\u00bb custom_padding__hover=\u00a0\u00bb|||\u00a0\u00bb][et_pb_blurb title=\u00a0\u00bbJean No\u00ebl Armengaud\u00a0\u00bb _builder_version=\u00a0\u00bb4.24.2&Prime; hover_enabled=\u00a0\u00bb0&Prime; border_style=\u00a0\u00bbsolid\u00a0\u00bb global_colors_info=\u00a0\u00bb{}\u00a0\u00bb sticky_enabled=\u00a0\u00bb0&Prime;]<\/p>\n<h5 class=\"western\" style=\"margin-bottom: 0cm;\"><\/h5>\n<p class=\"western\" style=\"margin-bottom: 0cm;\"><strong>Ing\u00e9nieur Ergonome &#8211; Consultant<\/strong><\/p>\n<p class=\"western\" style=\"margin-bottom: 0cm;\"><strong>Conseil et Formation en sant\u00e9 s\u00e9curit\u00e9 ergonomie<\/strong><\/p>\n<p class=\"western\" style=\"margin-bottom: 0cm; text-align: justify;\">J\u2019accompagne les entreprises dans leurs d\u00e9marches en sant\u00e9 au travail, pr\u00e9vention, qualit\u00e9 de vie au travail. Je r\u00e9alise des prestations de sensibilisation, de formations et de conseils. Je peux intervenir sur des probl\u00e9matiques cibl\u00e9es telles que le document unique, les TMS, le travail sur \u00e9cran, ou plus globales comme une d\u00e9marche d\u2019analyse et de r\u00e9duction des RPS, une probl\u00e9matique d\u2019absent\u00e9isme, une situation de changement organisationnel\u2026<\/p>\n<p class=\"western\" style=\"margin-bottom: 0cm; text-align: justify;\">J\u2019apporte \u00e9galement mon expertise pour faciliter l\u2019accueil et le maintien dans l\u2019emploi des personnes en situation de handicap.<\/p>\n<p class=\"western\" style=\"margin-bottom: 0cm;\">Contact : \u00a006 76 49 87 79 \/ <span style=\"color: #0000ff;\" color=\"#0000ff\"><u><a href=\"mailto:jn.armengaud@sfr.fr\"><\/a><\/u><\/span><span style=\"color: #0000ff;\" color=\"#0000ff\"><u><a href=\"mailto:jn.armengaud@sfr.fr\">jn.armengaud@sfr.fr<\/a><\/u><\/span><\/p>\n<p class=\"western\" style=\"margin-bottom: 0cm;\">Linkedin\u00a0: <span style=\"color: #0000ff;\" color=\"#0000ff\"><u><a href=\"https:\/\/www.linkedin.com\/in\/jean-noel-armengaud-086a10168\/\">https:\/\/www.linkedin.com\/in\/jean-noel-armengaud-086a10168\/<\/a><\/u><\/span><\/p>\n<p>&nbsp;<\/p>\n<p>[\/et_pb_blurb][\/et_pb_column][\/et_pb_row][et_pb_row column_structure=\u00a0\u00bb1_2,1_2&Prime; _builder_version=\u00a0\u00bb4.16&Prime; background_size=\u00a0\u00bbinitial\u00a0\u00bb background_position=\u00a0\u00bbtop_left\u00a0\u00bb background_repeat=\u00a0\u00bbrepeat\u00a0\u00bb global_colors_info=\u00a0\u00bb{}\u00a0\u00bb][et_pb_column type=\u00a0\u00bb1_2&Prime; _builder_version=\u00a0\u00bb4.16&Prime; custom_padding=\u00a0\u00bb|||\u00a0\u00bb global_colors_info=\u00a0\u00bb{}\u00a0\u00bb custom_padding__hover=\u00a0\u00bb|||\u00a0\u00bb][et_pb_blurb title=\u00a0\u00bbUn ergonome\u2026 Ca fait quoi ?\u00a0\u00bb _builder_version=\u00a0\u00bb4.16&Prime; border_style=\u00a0\u00bbsolid\u00a0\u00bb global_colors_info=\u00a0\u00bb{}\u00a0\u00bb]<\/p>\n<p class=\"western\" style=\"margin-bottom: 0cm; text-align: justify;\"><span style=\"color: #5b9bd5;\" color=\"#5b9bd5\"><\/span>La sant\u00e9 au travail est un enjeu majeur car elle impacte directement les performances des organisations soit positivement par la motivation, l\u2019implication, l\u2019\u00e9mulation au sein des \u00e9quipes, l\u2019attractivit\u00e9 de l\u2019entreprise, soit n\u00e9gativement avec les accidents, l\u2019absent\u00e9isme, le turn-over, les freins aux changements\u2026<\/p>\n<p class=\"western\" style=\"margin-bottom: 0cm; text-align: justify;\">L\u2019ergonome\u00a0va analyser les conditions de travail physiques, mentales et organisationnelles, puis conseiller pour agir positivement sur la sant\u00e9, le bien-\u00eatre des salari\u00e9s tout en am\u00e9liorant la performance de l\u2019entreprise.<\/p>\n<p class=\"western\" style=\"margin-bottom: 0cm;\">[\/et_pb_blurb][\/et_pb_column][et_pb_column type=\u00a0\u00bb1_2&Prime; _builder_version=\u00a0\u00bb4.16&Prime; custom_padding=\u00a0\u00bb|||\u00a0\u00bb global_colors_info=\u00a0\u00bb{}\u00a0\u00bb custom_padding__hover=\u00a0\u00bb|||\u00a0\u00bb][et_pb_blurb title=\u00a0\u00bbMes m\u00e9thodes de travail sont\u00a0\u00bb _builder_version=\u00a0\u00bb4.16&Prime; border_style=\u00a0\u00bbsolid\u00a0\u00bb global_colors_info=\u00a0\u00bb{}\u00a0\u00bb]<\/p>\n<p class=\"western\" style=\"margin-bottom: 0cm; text-align: justify;\"><span style=\"color: #5b9bd5;\" color=\"#5b9bd5\">\u00a0<\/span>&#8211; une approche scientifique\u00a0: observer, analyser, mesurer, v\u00e9rifier, questionner pour comprendre le travail et les contraintes de mes clients.<\/p>\n<p class=\"western\" style=\"margin-bottom: 0cm; text-align: justify;\">&#8211; une approche participative\u00a0: Co-construire des solutions op\u00e9rationnelles et r\u00e9alisables.<\/p>\n<p class=\"western\" style=\"margin-bottom: 0cm; text-align: justify;\">&#8211; une approche constructive\u00a0: D\u00e9velopper les capacit\u00e9s en interne pour \u00e9laborer des solutions.<\/p>\n<p class=\"western\" style=\"margin-bottom: 0cm;\"><span style=\"color: #5b9bd5;\" color=\"#5b9bd5\"><\/span><\/p>\n<p class=\"western\" style=\"margin-bottom: 0cm;\">[\/et_pb_blurb][\/et_pb_column][\/et_pb_row][\/et_pb_section][et_pb_section fb_built=\u00a0\u00bb1&Prime; _builder_version=\u00a0\u00bb4.16&Prime; custom_padding=\u00a0\u00bb24px|||||\u00a0\u00bb global_colors_info=\u00a0\u00bb{}\u00a0\u00bb][et_pb_row column_structure=\u00a0\u00bb1_2,1_2&Prime; _builder_version=\u00a0\u00bb4.16&Prime; background_size=\u00a0\u00bbinitial\u00a0\u00bb background_position=\u00a0\u00bbtop_left\u00a0\u00bb background_repeat=\u00a0\u00bbrepeat\u00a0\u00bb global_colors_info=\u00a0\u00bb{}\u00a0\u00bb][et_pb_column type=\u00a0\u00bb1_2&Prime; _builder_version=\u00a0\u00bb4.16&Prime; custom_padding=\u00a0\u00bb|||\u00a0\u00bb global_colors_info=\u00a0\u00bb{}\u00a0\u00bb custom_padding__hover=\u00a0\u00bb|||\u00a0\u00bb][et_pb_blurb title=\u00a0\u00bbMon parcours\u00a0\u00bb _builder_version=\u00a0\u00bb4.16&Prime; border_style=\u00a0\u00bbsolid\u00a0\u00bb global_colors_info=\u00a0\u00bb{}\u00a0\u00bb]<\/p>\n<p class=\"western\" style=\"margin-bottom: 0cm; text-align: justify;\">Apr\u00e8s un d\u00e9but de carri\u00e8re comme ing\u00e9nieur dans l\u2019industrie pendant 7 ans, j\u2019ai voulu exercer un m\u00e9tier qui \u00ab\u00a0fasse sens\u00a0\u00bb en tant que cadre de direction dans l\u2019insertion professionnelle des personnes en situation de handicap (ESAT et Entreprise Adapt\u00e9e). Ainsi, pendant 15 ans, j\u2019ai g\u00e9r\u00e9 des activit\u00e9s tr\u00e8s diversifi\u00e9es\u00a0(agriculture, prestation de service, agroalimentaire, restauration, espaces verts, transport, commerce\u2026). <\/p>\n<p>[\/et_pb_blurb][\/et_pb_column][et_pb_column type=\u00a0\u00bb1_2&Prime; _builder_version=\u00a0\u00bb4.16&Prime; custom_padding=\u00a0\u00bb|||\u00a0\u00bb global_colors_info=\u00a0\u00bb{}\u00a0\u00bb custom_padding__hover=\u00a0\u00bb|||\u00a0\u00bb][et_pb_blurb _builder_version=\u00a0\u00bb4.16&Prime; border_style=\u00a0\u00bbsolid\u00a0\u00bb global_colors_info=\u00a0\u00bb{}\u00a0\u00bb]<\/p>\n<p style=\"text-align: justify;\">\n<p style=\"text-align: justify;\">\n<p style=\"text-align: justify;\">Cela m\u2019a permis de d\u00e9couvrir un large \u00e9ventail de m\u00e9tiers, chacun avec ses contraintes organisationnelles.<\/p>\n<p style=\"text-align: justify;\">En 2018, j\u2019ai choisi de me sp\u00e9cialiser dans le domaine de la sant\u00e9 au travail. J\u2019ai fait un master en ergonomie sant\u00e9 et risques professionnels, puis j\u2019ai cr\u00e9\u00e9 mon entreprise.<\/p>\n<p>[\/et_pb_blurb][\/et_pb_column][\/et_pb_row][\/et_pb_section][et_pb_section fb_built=\u00a0\u00bb1&Prime; fullwidth=\u00a0\u00bbon\u00a0\u00bb custom_padding_last_edited=\u00a0\u00bbon|desktop\u00a0\u00bb admin_label=\u00a0\u00bbsection\u00a0\u00bb _builder_version=\u00a0\u00bb4.16&Prime; background_color=\u00a0\u00bb#ffffff\u00a0\u00bb custom_padding=\u00a0\u00bb0px|0px|0px|0px\u00a0\u00bb custom_padding_tablet=\u00a0\u00bb50px|0|50px|0&Prime; custom_padding_phone=\u00a0\u00bb\u00a0\u00bb global_colors_info=\u00a0\u00bb{}\u00a0\u00bb][et_pb_fullwidth_image _builder_version=\u00a0\u00bb4.16&Prime; animation_style=\u00a0\u00bbslide\u00a0\u00bb animation_direction=\u00a0\u00bbleft\u00a0\u00bb animation_duration=\u00a0\u00bb500ms\u00a0\u00bb animation_intensity_slide=\u00a0\u00bb10%\u00a0\u00bb global_colors_info=\u00a0\u00bb{}\u00a0\u00bb]&nbsp;<\/p>\n<p class=\"et-fb-mce-line-break-holder\" style=\"text-align: center;\">[\/et_pb_fullwidth_image][\/et_pb_section]<\/p>\n","protected":false},"excerpt":{"rendered":"<p>Ing\u00e9nieur Ergonome &#8211; Consultant Conseil et Formation en sant\u00e9 s\u00e9curit\u00e9 ergonomie J\u2019accompagne les entreprises dans leurs d\u00e9marches en sant\u00e9 au travail, pr\u00e9vention, qualit\u00e9 de vie au travail. Je r\u00e9alise des prestations de sensibilisation, de formations et de conseils. Je peux intervenir sur des probl\u00e9matiques cibl\u00e9es telles que le document unique, les TMS, le travail sur [&hellip;]<\/p>\n","protected":false},"author":6,"featured_media":5234,"comment_status":"open","ping_status":"closed","template":"","meta":{"_et_pb_use_builder":"on","_et_pb_old_content":"","_et_gb_content_width":"","footnotes":""},"project_category":[17,32,33],"project_tag":[],"class_list":["post-5231","project","type-project","status-publish","has-post-thumbnail","hentry","project_category-bien-etre","project_category-conseils","project_category-formation"],"yoast_head":"<!-- This site is optimized with the Yoast SEO plugin v25.6 - https:\/\/yoast.com\/wordpress\/plugins\/seo\/ -->\n<title>Jean No\u00ebl Armengaud : Conseil et Formation en sant\u00e9 s\u00e9curit\u00e9 ergonomie - Sapie<\/title>\n<meta name=\"robots\" content=\"index, follow, max-snippet:-1, max-image-preview:large, max-video-preview:-1\" \/>\n<link rel=\"canonical\" href=\"https:\/\/sapie.coop\/site\/project\/5231\/\" \/>\n<script type=\"application\/ld+json\" class=\"yoast-schema-graph\">{\"@context\":\"https:\/\/schema.org\",\"@graph\":[{\"@type\":\"WebPage\",\"@id\":\"https:\/\/sapie.coop\/site\/project\/5231\/\",\"url\":\"https:\/\/sapie.coop\/site\/project\/5231\/\",\"name\":\"Jean No\u00ebl Armengaud : Conseil et Formation en sant\u00e9 s\u00e9curit\u00e9 ergonomie - Sapie\",\"isPartOf\":{\"@id\":\"https:\/\/sapie.coop\/site\/#website\"},\"primaryImageOfPage\":{\"@id\":\"https:\/\/sapie.coop\/site\/project\/5231\/#primaryimage\"},\"image\":{\"@id\":\"https:\/\/sapie.coop\/site\/project\/5231\/#primaryimage\"},\"thumbnailUrl\":\"https:\/\/sapie.coop\/site\/wp-content\/uploads\/2020\/02\/protrait-pro-ext-largeweb.jpg\",\"datePublished\":\"2020-02-24T21:14:45+00:00\",\"dateModified\":\"2024-09-20T07:48:29+00:00\",\"breadcrumb\":{\"@id\":\"https:\/\/sapie.coop\/site\/project\/5231\/#breadcrumb\"},\"inLanguage\":\"fr-FR\",\"potentialAction\":[{\"@type\":\"ReadAction\",\"target\":[\"https:\/\/sapie.coop\/site\/project\/5231\/\"]}]},{\"@type\":\"ImageObject\",\"inLanguage\":\"fr-FR\",\"@id\":\"https:\/\/sapie.coop\/site\/project\/5231\/#primaryimage\",\"url\":\"https:\/\/sapie.coop\/site\/wp-content\/uploads\/2020\/02\/protrait-pro-ext-largeweb.jpg\",\"contentUrl\":\"https:\/\/sapie.coop\/site\/wp-content\/uploads\/2020\/02\/protrait-pro-ext-largeweb.jpg\",\"width\":400,\"height\":286},{\"@type\":\"BreadcrumbList\",\"@id\":\"https:\/\/sapie.coop\/site\/project\/5231\/#breadcrumb\",\"itemListElement\":[{\"@type\":\"ListItem\",\"position\":1,\"name\":\"Accueil\",\"item\":\"https:\/\/sapie.coop\/site\/\"},{\"@type\":\"ListItem\",\"position\":2,\"name\":\"Projets\",\"item\":\"https:\/\/sapie.coop\/site\/project\/\"},{\"@type\":\"ListItem\",\"position\":3,\"name\":\"Jean No\u00ebl Armengaud : Conseil et Formation en sant\u00e9 s\u00e9curit\u00e9 ergonomie\"}]},{\"@type\":\"WebSite\",\"@id\":\"https:\/\/sapie.coop\/site\/#website\",\"url\":\"https:\/\/sapie.coop\/site\/\",\"name\":\"Sapie\",\"description\":\"Coop\u00e9rative d&#039;accompagnement de projets\",\"potentialAction\":[{\"@type\":\"SearchAction\",\"target\":{\"@type\":\"EntryPoint\",\"urlTemplate\":\"https:\/\/sapie.coop\/site\/?s={search_term_string}\"},\"query-input\":{\"@type\":\"PropertyValueSpecification\",\"valueRequired\":true,\"valueName\":\"search_term_string\"}}],\"inLanguage\":\"fr-FR\"}]}<\/script>\n<!-- \/ Yoast SEO plugin. -->","yoast_head_json":{"title":"Jean No\u00ebl Armengaud : Conseil et Formation en sant\u00e9 s\u00e9curit\u00e9 ergonomie - Sapie","robots":{"index":"index","follow":"follow","max-snippet":"max-snippet:-1","max-image-preview":"max-image-preview:large","max-video-preview":"max-video-preview:-1"},"canonical":"https:\/\/sapie.coop\/site\/project\/5231\/","schema":{"@context":"https:\/\/schema.org","@graph":[{"@type":"WebPage","@id":"https:\/\/sapie.coop\/site\/project\/5231\/","url":"https:\/\/sapie.coop\/site\/project\/5231\/","name":"Jean No\u00ebl Armengaud : Conseil et Formation en sant\u00e9 s\u00e9curit\u00e9 ergonomie - Sapie","isPartOf":{"@id":"https:\/\/sapie.coop\/site\/#website"},"primaryImageOfPage":{"@id":"https:\/\/sapie.coop\/site\/project\/5231\/#primaryimage"},"image":{"@id":"https:\/\/sapie.coop\/site\/project\/5231\/#primaryimage"},"thumbnailUrl":"https:\/\/sapie.coop\/site\/wp-content\/uploads\/2020\/02\/protrait-pro-ext-largeweb.jpg","datePublished":"2020-02-24T21:14:45+00:00","dateModified":"2024-09-20T07:48:29+00:00","breadcrumb":{"@id":"https:\/\/sapie.coop\/site\/project\/5231\/#breadcrumb"},"inLanguage":"fr-FR","potentialAction":[{"@type":"ReadAction","target":["https:\/\/sapie.coop\/site\/project\/5231\/"]}]},{"@type":"ImageObject","inLanguage":"fr-FR","@id":"https:\/\/sapie.coop\/site\/project\/5231\/#primaryimage","url":"https:\/\/sapie.coop\/site\/wp-content\/uploads\/2020\/02\/protrait-pro-ext-largeweb.jpg","contentUrl":"https:\/\/sapie.coop\/site\/wp-content\/uploads\/2020\/02\/protrait-pro-ext-largeweb.jpg","width":400,"height":286},{"@type":"BreadcrumbList","@id":"https:\/\/sapie.coop\/site\/project\/5231\/#breadcrumb","itemListElement":[{"@type":"ListItem","position":1,"name":"Accueil","item":"https:\/\/sapie.coop\/site\/"},{"@type":"ListItem","position":2,"name":"Projets","item":"https:\/\/sapie.coop\/site\/project\/"},{"@type":"ListItem","position":3,"name":"Jean No\u00ebl Armengaud : Conseil et Formation en sant\u00e9 s\u00e9curit\u00e9 ergonomie"}]},{"@type":"WebSite","@id":"https:\/\/sapie.coop\/site\/#website","url":"https:\/\/sapie.coop\/site\/","name":"Sapie","description":"Coop\u00e9rative d&#039;accompagnement de projets","potentialAction":[{"@type":"SearchAction","target":{"@type":"EntryPoint","urlTemplate":"https:\/\/sapie.coop\/site\/?s={search_term_string}"},"query-input":{"@type":"PropertyValueSpecification","valueRequired":true,"valueName":"search_term_string"}}],"inLanguage":"fr-FR"}]}},"_links":{"self":[{"href":"https:\/\/sapie.coop\/site\/wp-json\/wp\/v2\/project\/5231"}],"collection":[{"href":"https:\/\/sapie.coop\/site\/wp-json\/wp\/v2\/project"}],"about":[{"href":"https:\/\/sapie.coop\/site\/wp-json\/wp\/v2\/types\/project"}],"author":[{"embeddable":true,"href":"https:\/\/sapie.coop\/site\/wp-json\/wp\/v2\/users\/6"}],"replies":[{"embeddable":true,"href":"https:\/\/sapie.coop\/site\/wp-json\/wp\/v2\/comments?post=5231"}],"version-history":[{"count":7,"href":"https:\/\/sapie.coop\/site\/wp-json\/wp\/v2\/project\/5231\/revisions"}],"predecessor-version":[{"id":9915,"href":"https:\/\/sapie.coop\/site\/wp-json\/wp\/v2\/project\/5231\/revisions\/9915"}],"wp:featuredmedia":[{"embeddable":true,"href":"https:\/\/sapie.coop\/site\/wp-json\/wp\/v2\/media\/5234"}],"wp:attachment":[{"href":"https:\/\/sapie.coop\/site\/wp-json\/wp\/v2\/media?parent=5231"}],"wp:term":[{"taxonomy":"project_category","embeddable":true,"href":"https:\/\/sapie.coop\/site\/wp-json\/wp\/v2\/project_category?post=5231"},{"taxonomy":"project_tag","embeddable":true,"href":"https:\/\/sapie.coop\/site\/wp-json\/wp\/v2\/project_tag?post=5231"}],"curies":[{"name":"wp","href":"https:\/\/api.w.org\/{rel}","templated":true}]}}