{"id":3481,"date":"2018-10-23T16:26:43","date_gmt":"2018-10-23T14:26:43","guid":{"rendered":"https:\/\/sapie.coop\/site\/?post_type=project&#038;p=3481"},"modified":"2024-09-23T11:18:18","modified_gmt":"2024-09-23T09:18:18","slug":"anne-cecile-vericel-soutien-a-la-parentalite","status":"publish","type":"project","link":"https:\/\/sapie.coop\/site\/project\/anne-cecile-vericel-soutien-a-la-parentalite\/","title":{"rendered":"Anne C\u00e9cile V\u00e9ricel : Consultante en parentalit\u00e9 &#8211; Formatrice"},"content":{"rendered":"<p>[et_pb_section fb_built=\u00a0\u00bb1&Prime; _builder_version=\u00a0\u00bb4.24.2&Prime; _module_preset=\u00a0\u00bbdefault\u00a0\u00bb background_image=\u00a0\u00bbhttps:\/\/sapie.coop\/site\/wp-content\/uploads\/2024\/09\/Conseils.jpg\u00a0\u00bb global_colors_info=\u00a0\u00bb{}\u00a0\u00bb][et_pb_row _builder_version=\u00a0\u00bb4.16&Prime; _module_preset=\u00a0\u00bbdefault\u00a0\u00bb custom_padding=\u00a0\u00bb||0px|||\u00a0\u00bb global_colors_info=\u00a0\u00bb{}\u00a0\u00bb][et_pb_column type=\u00a0\u00bb4_4&Prime; _builder_version=\u00a0\u00bb4.16&Prime; _module_preset=\u00a0\u00bbdefault\u00a0\u00bb global_colors_info=\u00a0\u00bb{}\u00a0\u00bb][et_pb_button button_text=\u00a0\u00bbConseils et Services\u00a0\u00bb _builder_version=\u00a0\u00bb4.18.0&Prime; _module_preset=\u00a0\u00bba93bd5f4-85ca-4af8-aab9-5954042d5969&Prime; custom_button=\u00a0\u00bbon\u00a0\u00bb button_text_size=\u00a0\u00bb16px\u00a0\u00bb button_text_color=\u00a0\u00bb#ffffff\u00a0\u00bb button_bg_color=\u00a0\u00bb#660707&Prime; button_border_width=\u00a0\u00bb0px\u00a0\u00bb button_border_radius=\u00a0\u00bb0px\u00a0\u00bb button_letter_spacing=\u00a0\u00bb2px\u00a0\u00bb button_font=\u00a0\u00bbArchivo|600||on|||||\u00a0\u00bb custom_padding=\u00a0\u00bb16px|24px|16px|24px|true|true\u00a0\u00bb custom_padding_tablet=\u00a0\u00bb12px|20px|12px|20px|true|true\u00a0\u00bb custom_padding_phone=\u00a0\u00bb10px|20px|10px|20px|true|true\u00a0\u00bb custom_padding_last_edited=\u00a0\u00bboff|desktop\u00a0\u00bb button_text_size_tablet=\u00a0\u00bb15px\u00a0\u00bb button_text_size_phone=\u00a0\u00bb14px\u00a0\u00bb button_text_size_last_edited=\u00a0\u00bboff|desktop\u00a0\u00bb global_colors_info=\u00a0\u00bb{}\u00a0\u00bb button_bg_color__hover=\u00a0\u00bb#A8D5BC\u00a0\u00bb button_bg_color__hover_enabled=\u00a0\u00bboff|desktop\u00a0\u00bb button_text_color__hover=\u00a0\u00bb#2B5452&Prime; button_text_color__hover_enabled=\u00a0\u00bboff|desktop\u00a0\u00bb][\/et_pb_button][\/et_pb_column][\/et_pb_row][\/et_pb_section][et_pb_section fb_built=\u00a0\u00bb1&Prime; fullwidth=\u00a0\u00bbon\u00a0\u00bb _builder_version=\u00a0\u00bb4.16&Prime; global_colors_info=\u00a0\u00bb{}\u00a0\u00bb][et_pb_fullwidth_menu menu_id=\u00a0\u00bb25&Prime; active_link_color=\u00a0\u00bb#F9C014&Prime; _builder_version=\u00a0\u00bb4.18.0&Prime; _module_preset=\u00a0\u00bbdefault\u00a0\u00bb menu_font=\u00a0\u00bb|||on|||||\u00a0\u00bb menu_text_color=\u00a0\u00bb#ffffff\u00a0\u00bb menu_font_size=\u00a0\u00bb12px\u00a0\u00bb background_color=\u00a0\u00bb#C2422A\u00a0\u00bb global_colors_info=\u00a0\u00bb{}\u00a0\u00bb][\/et_pb_fullwidth_menu][\/et_pb_section][et_pb_section fb_built=\u00a0\u00bb1&Prime; _builder_version=\u00a0\u00bb4.16&Prime; global_colors_info=\u00a0\u00bb{}\u00a0\u00bb][et_pb_row column_structure=\u00a0\u00bb1_3,2_3&Prime; _builder_version=\u00a0\u00bb4.16&Prime; background_size=\u00a0\u00bbinitial\u00a0\u00bb background_position=\u00a0\u00bbtop_left\u00a0\u00bb background_repeat=\u00a0\u00bbrepeat\u00a0\u00bb global_colors_info=\u00a0\u00bb{}\u00a0\u00bb][et_pb_column type=\u00a0\u00bb1_3&Prime; _builder_version=\u00a0\u00bb4.16&Prime; custom_padding=\u00a0\u00bb|||\u00a0\u00bb global_colors_info=\u00a0\u00bb{}\u00a0\u00bb custom_padding__hover=\u00a0\u00bb|||\u00a0\u00bb][et_pb_image src=\u00a0\u00bbhttps:\/\/sapie.coop\/site\/wp-content\/uploads\/2018\/10\/ac-vericel.jpg\u00a0\u00bb align_tablet=\u00a0\u00bbcenter\u00a0\u00bb align_phone=\u00a0\u00bbcenter\u00a0\u00bb align_last_edited=\u00a0\u00bbon|desktop\u00a0\u00bb _builder_version=\u00a0\u00bb4.16&Prime; border_style=\u00a0\u00bbsolid\u00a0\u00bb global_colors_info=\u00a0\u00bb{}\u00a0\u00bb][\/et_pb_image][\/et_pb_column][et_pb_column type=\u00a0\u00bb2_3&Prime; _builder_version=\u00a0\u00bb4.16&Prime; custom_padding=\u00a0\u00bb|||\u00a0\u00bb global_colors_info=\u00a0\u00bb{}\u00a0\u00bb custom_padding__hover=\u00a0\u00bb|||\u00a0\u00bb][et_pb_blurb title=\u00a0\u00bbAnne C\u00e9cile V\u00e9ricel\u00a0\u00bb _builder_version=\u00a0\u00bb4.16&Prime; border_style=\u00a0\u00bbsolid\u00a0\u00bb global_colors_info=\u00a0\u00bb{}\u00a0\u00bb]<\/p>\n<h5><\/h5>\n<h5>Consultante en parentalit\u00e9 &#8211; Formatrice<\/h5>\n<p>Site internet : <a href=\"http:\/\/annececilevericel.fr\/\">http:\/\/annececilevericel.fr\/<\/a><br \/>\nT\u00e9l\u00e9phone : 06 58 69 78 10 &#8211; FB : <a href=\"http:\/\/www.facebook.com\/acvericel\/\" target=\"_blank\" rel=\"noopener\" data-saferedirecturl=\"https:\/\/www.google.com\/url?q=http:\/\/www.facebook.com\/acvericel\/&amp;source=gmail&amp;ust=1540446819508000&amp;usg=AFQjCNE5IHq_WaJmOYr6ffOJsSwAXw7BIg\">acvericel<\/a><\/p>\n<p><span style=\"font-family: Arial, serif;\">Je propose du soutien \u00e0 la parentalit\u00e9, ouvert \u00e0 tous les parents, \u00e0 travers des ateliers en groupe ou un accompagnement individuel. J\u2019anime \u00e9galement des formations pour les professionnels de la petite enfance, de l\u2019\u00e9ducation, de l\u2019enseignement\u2026 et plus g\u00e9n\u00e9ralement toute personne travaillant en lien avec les enfants. Membre du r\u00e9seau Parentalit\u00e9 Cr\u00e9ative, je m\u2019appuie dans mon travail sur les derni\u00e8res recherches en neurosciences, les acquis de la psychologie positive, la communication non-violente, la th\u00e9orie de l\u2019attachement et les connaissances actuelles des m\u00e9canismes \u00e9motionnels des adultes et des enfants.<\/span><\/p>\n<p class=\"western\" style=\"margin-bottom: 0cm; line-height: 115%; orphans: 2; widows: 2;\" align=\"justify\"><span style=\"font-family: Arial, serif;\"><span style=\"font-size: small;\">\u00a0<\/span><\/span><\/p>\n<p>[\/et_pb_blurb][\/et_pb_column][\/et_pb_row][et_pb_row _builder_version=\u00a0\u00bb4.24.2&Prime; _module_preset=\u00a0\u00bbdefault\u00a0\u00bb][et_pb_column _builder_version=\u00a0\u00bb4.24.2&Prime; _module_preset=\u00a0\u00bbdefault\u00a0\u00bb type=\u00a0\u00bb4_4&Prime;][et_pb_image src=\u00a0\u00bbhttps:\/\/sapie.coop\/site\/wp-content\/uploads\/2024\/09\/anne_cecile.jpg\u00a0\u00bb _builder_version=\u00a0\u00bb4.24.2&Prime; _module_preset=\u00a0\u00bbdefault\u00a0\u00bb title_text=\u00a0\u00bbanne_cecile\u00a0\u00bb hover_enabled=\u00a0\u00bb0&Prime; sticky_enabled=\u00a0\u00bb0&Prime; width=\u00a0\u00bb27%\u00a0\u00bb][\/et_pb_image][\/et_pb_column][\/et_pb_row][\/et_pb_section][et_pb_section fb_built=\u00a0\u00bb1&Prime; fullwidth=\u00a0\u00bbon\u00a0\u00bb custom_padding_last_edited=\u00a0\u00bbon|desktop\u00a0\u00bb admin_label=\u00a0\u00bbsection\u00a0\u00bb _builder_version=\u00a0\u00bb4.16&Prime; background_color=\u00a0\u00bb#ffffff\u00a0\u00bb custom_padding=\u00a0\u00bb0px|0px|0px|0px\u00a0\u00bb custom_padding_tablet=\u00a0\u00bb50px|0|50px|0&Prime; custom_padding_phone=\u00a0\u00bb\u00a0\u00bb global_colors_info=\u00a0\u00bb{}\u00a0\u00bb][et_pb_fullwidth_image _builder_version=\u00a0\u00bb4.16&Prime; animation_style=\u00a0\u00bbslide\u00a0\u00bb animation_direction=\u00a0\u00bbleft\u00a0\u00bb animation_duration=\u00a0\u00bb500ms\u00a0\u00bb animation_intensity_slide=\u00a0\u00bb10%\u00a0\u00bb global_colors_info=\u00a0\u00bb{}\u00a0\u00bb]&nbsp;<\/p>\n<p class=\"et-fb-mce-line-break-holder\" style=\"text-align: center;\">[\/et_pb_fullwidth_image][\/et_pb_section]<\/p>\n","protected":false},"excerpt":{"rendered":"<p>Consultante en parentalit\u00e9 &#8211; Formatrice Site internet : http:\/\/annececilevericel.fr\/ T\u00e9l\u00e9phone : 06 58 69 78 10 &#8211; FB : acvericel Je propose du soutien \u00e0 la parentalit\u00e9, ouvert \u00e0 tous les parents, \u00e0 travers des ateliers en groupe ou un accompagnement individuel. J\u2019anime \u00e9galement des formations pour les professionnels de la petite enfance, de l\u2019\u00e9ducation, [&hellip;]<\/p>\n","protected":false},"author":6,"featured_media":9781,"comment_status":"closed","ping_status":"closed","template":"","meta":{"_et_pb_use_builder":"on","_et_pb_old_content":"","_et_gb_content_width":"","footnotes":""},"project_category":[17,32,33],"project_tag":[],"class_list":["post-3481","project","type-project","status-publish","has-post-thumbnail","hentry","project_category-bien-etre","project_category-conseils","project_category-formation"],"yoast_head":"<!-- This site is optimized with the Yoast SEO plugin v25.6 - https:\/\/yoast.com\/wordpress\/plugins\/seo\/ -->\n<title>Anne C\u00e9cile V\u00e9ricel : Consultante en parentalit\u00e9 - Formatrice - Sapie<\/title>\n<meta name=\"robots\" content=\"index, follow, max-snippet:-1, max-image-preview:large, max-video-preview:-1\" \/>\n<link rel=\"canonical\" href=\"https:\/\/sapie.coop\/site\/project\/anne-cecile-vericel-soutien-a-la-parentalite\/\" \/>\n<script type=\"application\/ld+json\" class=\"yoast-schema-graph\">{\"@context\":\"https:\/\/schema.org\",\"@graph\":[{\"@type\":\"WebPage\",\"@id\":\"https:\/\/sapie.coop\/site\/project\/anne-cecile-vericel-soutien-a-la-parentalite\/\",\"url\":\"https:\/\/sapie.coop\/site\/project\/anne-cecile-vericel-soutien-a-la-parentalite\/\",\"name\":\"Anne C\u00e9cile V\u00e9ricel : Consultante en parentalit\u00e9 - Formatrice - Sapie\",\"isPartOf\":{\"@id\":\"https:\/\/sapie.coop\/site\/#website\"},\"primaryImageOfPage\":{\"@id\":\"https:\/\/sapie.coop\/site\/project\/anne-cecile-vericel-soutien-a-la-parentalite\/#primaryimage\"},\"image\":{\"@id\":\"https:\/\/sapie.coop\/site\/project\/anne-cecile-vericel-soutien-a-la-parentalite\/#primaryimage\"},\"thumbnailUrl\":\"https:\/\/sapie.coop\/site\/wp-content\/uploads\/2018\/10\/anne_cecile_2.jpg\",\"datePublished\":\"2018-10-23T14:26:43+00:00\",\"dateModified\":\"2024-09-23T09:18:18+00:00\",\"breadcrumb\":{\"@id\":\"https:\/\/sapie.coop\/site\/project\/anne-cecile-vericel-soutien-a-la-parentalite\/#breadcrumb\"},\"inLanguage\":\"fr-FR\",\"potentialAction\":[{\"@type\":\"ReadAction\",\"target\":[\"https:\/\/sapie.coop\/site\/project\/anne-cecile-vericel-soutien-a-la-parentalite\/\"]}]},{\"@type\":\"ImageObject\",\"inLanguage\":\"fr-FR\",\"@id\":\"https:\/\/sapie.coop\/site\/project\/anne-cecile-vericel-soutien-a-la-parentalite\/#primaryimage\",\"url\":\"https:\/\/sapie.coop\/site\/wp-content\/uploads\/2018\/10\/anne_cecile_2.jpg\",\"contentUrl\":\"https:\/\/sapie.coop\/site\/wp-content\/uploads\/2018\/10\/anne_cecile_2.jpg\",\"width\":1240,\"height\":886},{\"@type\":\"BreadcrumbList\",\"@id\":\"https:\/\/sapie.coop\/site\/project\/anne-cecile-vericel-soutien-a-la-parentalite\/#breadcrumb\",\"itemListElement\":[{\"@type\":\"ListItem\",\"position\":1,\"name\":\"Accueil\",\"item\":\"https:\/\/sapie.coop\/site\/\"},{\"@type\":\"ListItem\",\"position\":2,\"name\":\"Projets\",\"item\":\"https:\/\/sapie.coop\/site\/project\/\"},{\"@type\":\"ListItem\",\"position\":3,\"name\":\"Anne C\u00e9cile V\u00e9ricel : Consultante en parentalit\u00e9 &#8211; Formatrice\"}]},{\"@type\":\"WebSite\",\"@id\":\"https:\/\/sapie.coop\/site\/#website\",\"url\":\"https:\/\/sapie.coop\/site\/\",\"name\":\"Sapie\",\"description\":\"Coop\u00e9rative d&#039;accompagnement de projets\",\"potentialAction\":[{\"@type\":\"SearchAction\",\"target\":{\"@type\":\"EntryPoint\",\"urlTemplate\":\"https:\/\/sapie.coop\/site\/?s={search_term_string}\"},\"query-input\":{\"@type\":\"PropertyValueSpecification\",\"valueRequired\":true,\"valueName\":\"search_term_string\"}}],\"inLanguage\":\"fr-FR\"}]}<\/script>\n<!-- \/ Yoast SEO plugin. -->","yoast_head_json":{"title":"Anne C\u00e9cile V\u00e9ricel : Consultante en parentalit\u00e9 - Formatrice - Sapie","robots":{"index":"index","follow":"follow","max-snippet":"max-snippet:-1","max-image-preview":"max-image-preview:large","max-video-preview":"max-video-preview:-1"},"canonical":"https:\/\/sapie.coop\/site\/project\/anne-cecile-vericel-soutien-a-la-parentalite\/","schema":{"@context":"https:\/\/schema.org","@graph":[{"@type":"WebPage","@id":"https:\/\/sapie.coop\/site\/project\/anne-cecile-vericel-soutien-a-la-parentalite\/","url":"https:\/\/sapie.coop\/site\/project\/anne-cecile-vericel-soutien-a-la-parentalite\/","name":"Anne C\u00e9cile V\u00e9ricel : Consultante en parentalit\u00e9 - Formatrice - Sapie","isPartOf":{"@id":"https:\/\/sapie.coop\/site\/#website"},"primaryImageOfPage":{"@id":"https:\/\/sapie.coop\/site\/project\/anne-cecile-vericel-soutien-a-la-parentalite\/#primaryimage"},"image":{"@id":"https:\/\/sapie.coop\/site\/project\/anne-cecile-vericel-soutien-a-la-parentalite\/#primaryimage"},"thumbnailUrl":"https:\/\/sapie.coop\/site\/wp-content\/uploads\/2018\/10\/anne_cecile_2.jpg","datePublished":"2018-10-23T14:26:43+00:00","dateModified":"2024-09-23T09:18:18+00:00","breadcrumb":{"@id":"https:\/\/sapie.coop\/site\/project\/anne-cecile-vericel-soutien-a-la-parentalite\/#breadcrumb"},"inLanguage":"fr-FR","potentialAction":[{"@type":"ReadAction","target":["https:\/\/sapie.coop\/site\/project\/anne-cecile-vericel-soutien-a-la-parentalite\/"]}]},{"@type":"ImageObject","inLanguage":"fr-FR","@id":"https:\/\/sapie.coop\/site\/project\/anne-cecile-vericel-soutien-a-la-parentalite\/#primaryimage","url":"https:\/\/sapie.coop\/site\/wp-content\/uploads\/2018\/10\/anne_cecile_2.jpg","contentUrl":"https:\/\/sapie.coop\/site\/wp-content\/uploads\/2018\/10\/anne_cecile_2.jpg","width":1240,"height":886},{"@type":"BreadcrumbList","@id":"https:\/\/sapie.coop\/site\/project\/anne-cecile-vericel-soutien-a-la-parentalite\/#breadcrumb","itemListElement":[{"@type":"ListItem","position":1,"name":"Accueil","item":"https:\/\/sapie.coop\/site\/"},{"@type":"ListItem","position":2,"name":"Projets","item":"https:\/\/sapie.coop\/site\/project\/"},{"@type":"ListItem","position":3,"name":"Anne C\u00e9cile V\u00e9ricel : Consultante en parentalit\u00e9 &#8211; Formatrice"}]},{"@type":"WebSite","@id":"https:\/\/sapie.coop\/site\/#website","url":"https:\/\/sapie.coop\/site\/","name":"Sapie","description":"Coop\u00e9rative d&#039;accompagnement de projets","potentialAction":[{"@type":"SearchAction","target":{"@type":"EntryPoint","urlTemplate":"https:\/\/sapie.coop\/site\/?s={search_term_string}"},"query-input":{"@type":"PropertyValueSpecification","valueRequired":true,"valueName":"search_term_string"}}],"inLanguage":"fr-FR"}]}},"_links":{"self":[{"href":"https:\/\/sapie.coop\/site\/wp-json\/wp\/v2\/project\/3481"}],"collection":[{"href":"https:\/\/sapie.coop\/site\/wp-json\/wp\/v2\/project"}],"about":[{"href":"https:\/\/sapie.coop\/site\/wp-json\/wp\/v2\/types\/project"}],"author":[{"embeddable":true,"href":"https:\/\/sapie.coop\/site\/wp-json\/wp\/v2\/users\/6"}],"replies":[{"embeddable":true,"href":"https:\/\/sapie.coop\/site\/wp-json\/wp\/v2\/comments?post=3481"}],"version-history":[{"count":11,"href":"https:\/\/sapie.coop\/site\/wp-json\/wp\/v2\/project\/3481\/revisions"}],"predecessor-version":[{"id":10017,"href":"https:\/\/sapie.coop\/site\/wp-json\/wp\/v2\/project\/3481\/revisions\/10017"}],"wp:featuredmedia":[{"embeddable":true,"href":"https:\/\/sapie.coop\/site\/wp-json\/wp\/v2\/media\/9781"}],"wp:attachment":[{"href":"https:\/\/sapie.coop\/site\/wp-json\/wp\/v2\/media?parent=3481"}],"wp:term":[{"taxonomy":"project_category","embeddable":true,"href":"https:\/\/sapie.coop\/site\/wp-json\/wp\/v2\/project_category?post=3481"},{"taxonomy":"project_tag","embeddable":true,"href":"https:\/\/sapie.coop\/site\/wp-json\/wp\/v2\/project_tag?post=3481"}],"curies":[{"name":"wp","href":"https:\/\/api.w.org\/{rel}","templated":true}]}}